{"id":44548,"date":"2024-11-02T15:55:35","date_gmt":"2024-11-02T14:55:35","guid":{"rendered":"https:\/\/caminaktion.eu\/hypeocc-programmation\/"},"modified":"2024-12-06T09:26:28","modified_gmt":"2024-12-06T08:26:28","slug":"hypeocc-program","status":"publish","type":"page","link":"https:\/\/caminaktion.eu\/en\/hypeocc-program\/","title":{"rendered":"HYPE OCC Program"},"content":{"rendered":"<p>[et_pb_section fb_built=&#8221;1&#8243; _builder_version=&#8221;4.21.0&#8243; _module_preset=&#8221;default&#8221; global_colors_info=&#8221;{}&#8221;][et_pb_row _builder_version=&#8221;4.22.2&#8243; _module_preset=&#8221;default&#8221; width=&#8221;100%&#8221; max_width=&#8221;1349px&#8221; max_width_tablet=&#8221;1349px&#8221; max_width_phone=&#8221;1349px&#8221; max_width_last_edited=&#8221;on|desktop&#8221; global_colors_info=&#8221;{}&#8221;][et_pb_column type=&#8221;4_4&#8243; _builder_version=&#8221;4.21.0&#8243; _module_preset=&#8221;default&#8221; global_colors_info=&#8221;{}&#8221;][et_pb_image src=&#8221;https:\/\/caminaktion.eu\/wp-content\/uploads\/2023\/10\/HYPE-OCC-one-line-1.jpeg&#8221; title_text=&#8221;HYPE UP &#8211; recherches&#8221; _builder_version=&#8221;4.27.3&#8243; _module_preset=&#8221;default&#8221; global_colors_info=&#8221;{}&#8221; transform_styles__hover_enabled=&#8221;on|hover&#8221; transform_scale__hover_enabled=&#8221;on|hover&#8221; transform_translate__hover_enabled=&#8221;on|desktop&#8221; transform_rotate__hover_enabled=&#8221;on|hover&#8221; transform_skew__hover_enabled=&#8221;on|desktop&#8221; transform_origin__hover_enabled=&#8221;on|desktop&#8221; transform_scale__hover=&#8221;110%|110%&#8221;][\/et_pb_image][\/et_pb_column][\/et_pb_row][et_pb_row _builder_version=&#8221;4.27.3&#8243; _module_preset=&#8221;default&#8221; width=&#8221;100%&#8221; max_width=&#8221;1325px&#8221; custom_margin=&#8221;||0px||false|false&#8221; global_colors_info=&#8221;{}&#8221;][et_pb_column type=&#8221;4_4&#8243; _builder_version=&#8221;4.23&#8243; _module_preset=&#8221;default&#8221; global_colors_info=&#8221;{}&#8221;][et_pb_text _builder_version=&#8221;4.27.2&#8243; _module_preset=&#8221;default&#8221; custom_padding=&#8221;||0px|||&#8221; global_colors_info=&#8221;{}&#8221;]<\/p>\n<h1 style=\"text-align: center;\"><span style=\"color: #0a0a0a;\"><span style=\"caret-color: #0a0a0a;\"><b>Festival program<\/b><\/span><\/span><\/h1>\n<h1 style=\"text-align: center;\"><strong><span style=\"color: #0a0a0a;\"><\/span><\/strong><\/h1>\n<p><strong><span style=\"color: #0a0a0a;\"><\/span><\/strong><\/p>\n<p>[\/et_pb_text][\/et_pb_column][\/et_pb_row][et_pb_row column_structure=&#8221;1_3,1_3,1_3&#8243; _builder_version=&#8221;4.27.3&#8243; _module_preset=&#8221;default&#8221; width=&#8221;100%&#8221; max_width=&#8221;1325px&#8221; custom_margin=&#8221;-50px||0px||false|false&#8221; global_colors_info=&#8221;{}&#8221;][et_pb_column type=&#8221;1_3&#8243; _builder_version=&#8221;4.23&#8243; _module_preset=&#8221;default&#8221; global_colors_info=&#8221;{}&#8221;][et_pb_button button_url=&#8221;https:\/\/caminaktion.eu\/wp-content\/uploads\/2024\/11\/Program-scaled.jpeg&#8221; button_text=&#8221;QUICK OVERVIEW&#8221; button_alignment=&#8221;center&#8221; _builder_version=&#8221;4.27.3&#8243; _module_preset=&#8221;default&#8221; custom_button=&#8221;on&#8221; button_text_size=&#8221;22px&#8221; button_text_color=&#8221;#FFFFFF&#8221; button_bg_color=&#8221;#FF1D25&#8243; button_border_radius=&#8221;0px&#8221; button_font=&#8221;|800|||||||&#8221; button_icon=&#8221;&#x24;||divi||400&#8243; global_colors_info=&#8221;{}&#8221; transform_styles__hover_enabled=&#8221;on|hover&#8221; transform_scale__hover_enabled=&#8221;on|hover&#8221; transform_translate__hover_enabled=&#8221;on|desktop&#8221; transform_rotate__hover_enabled=&#8221;on|desktop&#8221; transform_skew__hover_enabled=&#8221;on|desktop&#8221; transform_origin__hover_enabled=&#8221;on|desktop&#8221; transform_scale__hover=&#8221;110%|110%&#8221;][\/et_pb_button][\/et_pb_column][et_pb_column type=&#8221;1_3&#8243; _builder_version=&#8221;4.23&#8243; _module_preset=&#8221;default&#8221; global_colors_info=&#8221;{}&#8221;][et_pb_button button_url=&#8221;https:\/\/caminaktion.eu\/en\/hypeocc-tickets\/&#8221; button_text=&#8221;TICKETS &#038; REGISTRATION&#8221; button_alignment=&#8221;center&#8221; _builder_version=&#8221;4.27.3&#8243; _module_preset=&#8221;default&#8221; custom_button=&#8221;on&#8221; button_text_size=&#8221;22px&#8221; button_text_color=&#8221;#FFFFFF&#8221; button_bg_color=&#8221;#FF1D25&#8243; button_border_radius=&#8221;0px&#8221; button_font=&#8221;|800|||||||&#8221; button_icon=&#8221;&#x24;||divi||400&#8243; global_colors_info=&#8221;{}&#8221; transform_styles__hover_enabled=&#8221;on|hover&#8221; transform_scale__hover_enabled=&#8221;on|hover&#8221; transform_translate__hover_enabled=&#8221;on|desktop&#8221; transform_rotate__hover_enabled=&#8221;on|desktop&#8221; transform_skew__hover_enabled=&#8221;on|desktop&#8221; transform_origin__hover_enabled=&#8221;on|desktop&#8221; transform_scale__hover=&#8221;110%|110%&#8221;][\/et_pb_button][\/et_pb_column][et_pb_column type=&#8221;1_3&#8243; _builder_version=&#8221;4.23&#8243; _module_preset=&#8221;default&#8221; global_colors_info=&#8221;{}&#8221;][et_pb_button button_url=&#8221;https:\/\/docs.google.com\/forms\/d\/e\/1FAIpQLSe1PVMY28D-WkfQIiDxu-Gq7Jq19IUjeLk3MHAHw9zgYGfW3g\/viewform&#8221; button_text=&#8221;JOIN AS A VOLONTEER&#8221; button_alignment=&#8221;center&#8221; _builder_version=&#8221;4.27.3&#8243; _module_preset=&#8221;default&#8221; custom_button=&#8221;on&#8221; button_text_size=&#8221;22px&#8221; button_text_color=&#8221;#FFFFFF&#8221; button_bg_color=&#8221;#FF1D25&#8243; button_border_radius=&#8221;0px&#8221; button_font=&#8221;|800|||||||&#8221; button_icon=&#8221;&#x24;||divi||400&#8243; global_colors_info=&#8221;{}&#8221; transform_styles__hover_enabled=&#8221;on|hover&#8221; transform_scale__hover_enabled=&#8221;on|hover&#8221; transform_translate__hover_enabled=&#8221;on|desktop&#8221; transform_rotate__hover_enabled=&#8221;on|desktop&#8221; transform_skew__hover_enabled=&#8221;on|desktop&#8221; transform_origin__hover_enabled=&#8221;on|desktop&#8221; transform_scale__hover=&#8221;110%|110%&#8221;][\/et_pb_button][\/et_pb_column][\/et_pb_row][et_pb_row column_structure=&#8221;1_3,1_3,1_3&#8243; _builder_version=&#8221;4.27.3&#8243; _module_preset=&#8221;default&#8221; width=&#8221;100%&#8221; max_width=&#8221;1349px&#8221; max_width_tablet=&#8221;1349px&#8221; max_width_phone=&#8221;1349px&#8221; max_width_last_edited=&#8221;on|desktop&#8221; custom_margin=&#8221;0px||||false|false&#8221; custom_padding=&#8221;|10px||10px|false|false&#8221; global_colors_info=&#8221;{}&#8221;][et_pb_column type=&#8221;1_3&#8243; _builder_version=&#8221;4.27.2&#8243; _module_preset=&#8221;default&#8221; global_colors_info=&#8221;{}&#8221;][et_pb_text content_tablet=&#8221;<\/p>\n<h3><strong><i><a href=%22https:\/\/caminaktion.eu\/en\/hypeocc-encounter%22><img alt=\"\" alt=\"\" src=%22https:\/\/caminaktion.eu\/wp-content\/uploads\/2024\/10\/2A29985E-8B17-4BD7-B053-74145864D90A_1_105_c-radialjpg-carre-300x300.jpg%22 width=%22389%22 height=%22389%22 alt=%22%22 class=%22wp-image-43653 alignnone size-small%22 \/><\/a><\/i><\/strong><\/h3>\n<h3><strong><i><span>Cultural Action as a Tool for Social Cohesion<\/span><\/i><\/strong><\/h3>\n<h4><span style=%22color: #ff1d25;%22><b>Professional encounter<\/b><\/span><\/h4>\n<p><span style=%22font-size: small;%22>With Dieyn\u00e9bou Fofana-Ballester, <span>Lecturer in Educational Sciences<\/span><\/span><\/p>\n<p><span style=%22font-size: small;%22>In a context marked by growing social divides and inclusion challenges, while public policies are undergoing transformation or even dismantling, we propose a series of meetings-debates aimed at (future) professionals in the fields of cultural action and social work. These will serve as a space for collective reflection on the role of cultural action in combating inequality and exclusion.<\/span><\/p>\n<p><span style=%22font-size: small; color: #ff1d25;%22>In French language.<\/span><\/p>\n<p><span style=%22font-size: medium; color: #ff1d25;%22><span style=%22font-size: medium;%22><strong>Friday December 6, 3PM-5PM<br \/>Halle Tropisme <\/strong>(Salle A)<\/span><\/span><br \/><span style=%22font-size: medium;%22><\/span><\/p>\n<p><img alt=\"\" alt=\"\" src=%22https:\/\/caminaktion.eu\/wp-content\/uploads\/2024\/11\/PMR-dynamique-noir.png%22 width=%2226%22 height=%22225%22 alt=%22%22 class=%22wp-image-43996 alignnone size-full%22 \/><em><\/em><\/p>\n<p>&#8221; content_phone=&#8221;<\/p>\n<h3><strong><i><a href=%22https:\/\/caminaktion.eu\/en\/hypeocc-encounter%22><img alt=\"\" alt=\"\" src=%22https:\/\/caminaktion.eu\/wp-content\/uploads\/2024\/10\/2A29985E-8B17-4BD7-B053-74145864D90A_1_105_c-radialjpg-carre-300x300.jpg%22 width=%22389%22 height=%22389%22 alt=%22%22 class=%22wp-image-43653 alignnone size-small%22 \/><\/a><\/i><\/strong><\/h3>\n<h3><strong><i><span>Cultural Action as a Tool for Social Cohesion<\/span><\/i><\/strong><\/h3>\n<h4><span style=%22color: #ff1d25;%22><b>Professional encounter<\/b><\/span><\/h4>\n<p><span style=%22font-size: small;%22>With Dieyn\u00e9bou Fofana-Ballester, <span>Lecturer in Educational Sciences<\/span><\/span><\/p>\n<p><span style=%22font-size: small;%22>In a context marked by growing social divides and inclusion challenges, while public policies are undergoing transformation or even dismantling, we propose a series of meetings-debates aimed at (future) professionals in the fields of cultural action and social work. These will serve as a space for collective reflection on the role of cultural action in combating inequality and exclusion.<\/span><\/p>\n<p><span style=%22font-size: small; color: #ff1d25;%22>In French language.<\/span><\/p>\n<p><span style=%22font-size: medium; color: #ff1d25;%22><span style=%22font-size: medium;%22><strong>Friday December 6, 3PM-5PM<br \/>Halle Tropisme <\/strong>(Salle A)<\/span><\/span><br \/><span style=%22font-size: medium;%22><\/span><\/p>\n<p><img alt=\"\" alt=\"\" src=%22https:\/\/caminaktion.eu\/wp-content\/uploads\/2024\/11\/PMR-dynamique-noir.png%22 width=%2226%22 height=%22225%22 alt=%22%22 class=%22wp-image-43996 alignnone size-full%22 \/><em><\/em><\/p>\n<p>&#8221; content_last_edited=&#8221;on|phone&#8221; _builder_version=&#8221;4.27.3&#8243; _module_preset=&#8221;default&#8221; text_line_height=&#8221;1em&#8221; custom_padding=&#8221;5px|5px|5px|5px|false|false&#8221; animation_style=&#8221;slide&#8221; animation_direction=&#8221;bottom&#8221; link_option_url=&#8221;https:\/\/caminaktion.eu\/en\/hypeocc-encounter&#8221; border_radii=&#8221;on|1px|1px|1px|1px&#8221; border_width_all=&#8221;1px&#8221; border_color_all=&#8221;#FF1D25&#8243; box_shadow_style=&#8221;preset2&#8243; global_colors_info=&#8221;{}&#8221; transform_styles__hover_enabled=&#8221;on|hover&#8221; transform_scale__hover_enabled=&#8221;on|hover&#8221; transform_translate__hover_enabled=&#8221;on|desktop&#8221; transform_rotate__hover_enabled=&#8221;on|desktop&#8221; transform_skew__hover_enabled=&#8221;on|desktop&#8221; transform_origin__hover_enabled=&#8221;on|desktop&#8221; box_shadow_horizontal__hover_enabled=&#8221;on|hover&#8221; box_shadow_horizontal__hover=&#8221;30px&#8221; transform_scale__hover=&#8221;105%|105%&#8221;]<\/p>\n<h3><strong><i><a href=\"https:\/\/caminaktion.eu\/en\/hypeocc-encounter\"><img alt=\"\" alt=\"\" loading=\"lazy\" decoding=\"async\" src=\"https:\/\/caminaktion.eu\/wp-content\/uploads\/2024\/10\/2A29985E-8B17-4BD7-B053-74145864D90A_1_105_c-radialjpg-carre-300x300.jpg\" width=\"389\" height=\"389\" alt=\"\" class=\"wp-image-43653 alignnone size-small\" \/><\/a><\/i><\/strong><\/h3>\n<h3><strong><i><span>Cultural Action as a Tool for Social Cohesion<\/span><\/i><\/strong><\/h3>\n<h4><span style=\"color: #ff1d25;\"><b>Professional encounter<\/b><\/span><\/h4>\n<p><span style=\"font-size: small;\">With Dieyn\u00e9bou Fofana-Ballester, <span>Lecturer in Educational Sciences<\/span><\/span><\/p>\n<p><span style=\"font-size: small;\">In a context marked by growing social divides and inclusion challenges, while public policies are undergoing transformation or even dismantling, we propose a series of meetings-debates aimed at (future) professionals in the fields of cultural action and social work. These will serve as a space for collective reflection on the role of cultural action in combating inequality and exclusion.<\/span><\/p>\n<p><span style=\"font-size: small; color: #ff1d25;\">In French language.<\/span><\/p>\n<p><span style=\"font-size: medium; color: #ff1d25;\"><span style=\"font-size: medium;\"><strong>Friday December 6 &#8211; 3PM-5PM<br \/>Halle Tropisme <\/strong>(Salle A)<\/span><\/span><br \/><span style=\"font-size: medium;\"><\/span><\/p>\n<p><img alt=\"\" alt=\"\" loading=\"lazy\" decoding=\"async\" src=\"https:\/\/caminaktion.eu\/wp-content\/uploads\/2024\/11\/PMR-dynamique-noir.png\" width=\"26\" height=\"225\" alt=\"\" class=\"wp-image-43996 alignnone size-full\" \/><em><\/em><\/p>\n<p>[\/et_pb_text][\/et_pb_column][et_pb_column type=&#8221;1_3&#8243; _builder_version=&#8221;4.21.0&#8243; _module_preset=&#8221;default&#8221; global_colors_info=&#8221;{}&#8221;][et_pb_text content_tablet=&#8221;<\/p>\n<h3><img alt=\"\" alt=\"\" src=%22https:\/\/caminaktion.eu\/wp-content\/uploads\/2024\/11\/fav_22102024-DSCF1351-Avec-accentuation-Bruit-carre-300x300.jpg%22 width=%22384%22 height=%22384%22 alt=%22%22 class=%22wp-image-43843 alignnone size-medium%22 \/><\/h3>\n<h3><b>Dance with Dans6T !<\/b><\/h3>\n<h4><span style=%22color: #ff1d25;%22><span style=%22caret-color: #ff1d25;%22><b><span>Join the Sunday dance conference and sign up for a transmission workshop!<\/span><br \/><\/b><\/span><\/span><\/h4>\n<p><span style=%22font-size: small;%22>Choreographer Bouziane Bouteldja combines words and dance to present the %22dance conference%22 <i>Dances and struggles <\/i>on Sunday, December 8. This journey explores dances like flamenco, krump, bboying, pantsula, and voguing\u2014dances born from struggles or shaped by the meeting of cultures.<\/span><\/p>\n<p><span style=%22font-size: small;%22>Alongside the dancers, <em>you<\/em> can be part of it too! This conference invites participation. During a workshop, a dancer from the company will teach simple steps and small choreographies. Participation is open to all!<\/span><\/p>\n<div class=%22flex max-w-full flex-col flex-grow%22>\n<div data-message-author-role=%22assistant%22 data-message-id=%2261c654f9-9dd2-464c-b2a8-a8923d528ae7%22 dir=%22auto%22 class=%22min-h-8 text-message flex w-full flex-col items-end gap-2 whitespace-normal break-words %91.text-message+&#038;%93:mt-5%22 data-message-model-slug=%22gpt-4o%22>\n<div class=%22flex w-full flex-col gap-1 empty:hidden first:pt-%913px%93%22>\n<div class=%22markdown prose w-full break-words dark:prose-invert light%22>\n<p><span style=%22font-size: small;%22>For children aged 6 and up, teens, adults, and seniors.<\/span><\/p>\n<p><strong style=%22color: #ff1d25;%22><span style=%22font-size: medium;%22>Transmission workshop: <\/span><\/strong><\/p>\n<p><strong style=%22color: #ff1d25;%22><span style=%22font-size: medium;%22>Saturday December 7 &#8211; 12:00 PM &#8211; 5:30 PM<\/span><\/strong><\/p>\n<p><strong style=%22color: #ff1d25;%22><span style=%22font-size: medium;%22>Th\u00e9\u00e2tre d&#8217;O<\/span><\/strong><\/p>\n<p><strong style=%22color: #ff1d25;%22><span style=%22font-size: medium;%22><\/span><\/strong><\/p>\n<\/div>\n<\/div>\n<\/div>\n<\/div>\n<p><span style=%22font-size: medium;%22><\/span><\/p>\n<p>&#8221; content_phone=&#8221;<\/p>\n<h3><img alt=\"\" alt=\"\" src=%22https:\/\/caminaktion.eu\/wp-content\/uploads\/2024\/11\/fav_22102024-DSCF1351-Avec-accentuation-Bruit-carre-300x300.jpg%22 width=%22384%22 height=%22384%22 alt=%22%22 class=%22wp-image-43843 alignnone size-medium%22 \/><\/h3>\n<h3><b>Dance with Dans6T !<\/b><\/h3>\n<h4><span style=%22color: #ff1d25;%22><span style=%22caret-color: #ff1d25;%22><b><span>Join the Sunday dance conference and sign up for a transmission workshop!<\/span><br \/><\/b><\/span><\/span><\/h4>\n<p><span style=%22font-size: small;%22>Choreographer Bouziane Bouteldja combines words and dance to present the %22dance conference%22 <i>Dances and struggles <\/i>on Sunday, December 8. This journey explores dances like flamenco, krump, bboying, pantsula, and voguing\u2014dances born from struggles or shaped by the meeting of cultures.<\/span><\/p>\n<p><span style=%22font-size: small;%22>Alongside the dancers, <em>you<\/em> can be part of it too! This conference invites participation. During a workshop, a dancer from the company will teach simple steps and small choreographies. Participation is open to all!<\/span><\/p>\n<div class=%22flex max-w-full flex-col flex-grow%22>\n<div data-message-author-role=%22assistant%22 data-message-id=%2261c654f9-9dd2-464c-b2a8-a8923d528ae7%22 dir=%22auto%22 class=%22min-h-8 text-message flex w-full flex-col items-end gap-2 whitespace-normal break-words %91.text-message+&#038;%93:mt-5%22 data-message-model-slug=%22gpt-4o%22>\n<div class=%22flex w-full flex-col gap-1 empty:hidden first:pt-%913px%93%22>\n<div class=%22markdown prose w-full break-words dark:prose-invert light%22>\n<p><span style=%22font-size: small;%22>For children aged 6 and up, teens, adults, and seniors.<\/span><\/p>\n<p><strong style=%22color: #ff1d25;%22><span style=%22font-size: medium;%22>Transmission workshop: <\/span><\/strong><\/p>\n<p><strong style=%22color: #ff1d25;%22><span style=%22font-size: medium;%22>Saturday December 7 &#8211; 12:00 PM &#8211; 5:30 PM<\/span><\/strong><\/p>\n<p><strong style=%22color: #ff1d25;%22><span style=%22font-size: medium;%22>Th\u00e9\u00e2tre d&#8217;O<\/span><\/strong><\/p>\n<p><strong style=%22color: #ff1d25;%22><span style=%22font-size: medium;%22><\/span><\/strong><\/p>\n<\/div>\n<\/div>\n<\/div>\n<\/div>\n<p><span style=%22font-size: medium;%22><\/span><\/p>\n<p>&#8221; content_last_edited=&#8221;on|phone&#8221; _builder_version=&#8221;4.27.3&#8243; _module_preset=&#8221;default&#8221; text_line_height=&#8221;1em&#8221; background_color=&#8221;#F0FFAD&#8221; custom_padding=&#8221;5px|5px|5px|5px|false|false&#8221; animation_style=&#8221;slide&#8221; animation_direction=&#8221;bottom&#8221; border_width_all=&#8221;1px&#8221; border_color_all=&#8221;#FF1D25&#8243; box_shadow_style=&#8221;preset1&#8243; global_colors_info=&#8221;{}&#8221; box_shadow_horizontal__hover_enabled=&#8221;on|desktop&#8221; transform_styles__hover_enabled=&#8221;on|hover&#8221; transform_scale__hover_enabled=&#8221;on|hover&#8221; transform_translate__hover_enabled=&#8221;on|desktop&#8221; transform_rotate__hover_enabled=&#8221;on|desktop&#8221; transform_skew__hover_enabled=&#8221;on|desktop&#8221; transform_origin__hover_enabled=&#8221;on|desktop&#8221; transform_scale__hover=&#8221;105%|105%&#8221;]<\/p>\n<h3><img alt=\"\" alt=\"\" loading=\"lazy\" decoding=\"async\" src=\"https:\/\/caminaktion.eu\/wp-content\/uploads\/2024\/11\/fav_22102024-DSCF1351-Avec-accentuation-Bruit-carre-300x300.jpg\" width=\"384\" height=\"384\" alt=\"\" class=\"wp-image-43843 alignnone size-medium\" \/><\/h3>\n<h3><b>Dance with Dans6T !<\/b><\/h3>\n<h4><span style=\"color: #ff1d25;\"><span style=\"caret-color: #ff1d25;\"><b><span>Join the Sunday dance conference and sign up for a transmission workshop!<\/span><br \/><\/b><\/span><\/span><\/h4>\n<p><span style=\"font-size: small;\">Choreographer Bouziane Bouteldja combines words and dance to present the &#8220;dance conference&#8221; <i>Dances and struggles <\/i>on Sunday, December 8. This journey explores dances like flamenco, krump, bboying, pantsula, and voguing\u2014dances born from struggles or shaped by the meeting of cultures.<\/span><\/p>\n<p><span style=\"font-size: small;\">Alongside the dancers, <em>you<\/em> can be part of it too! This conference invites participation. During a workshop, a dancer from the company will teach simple steps and small choreographies. Participation is open to all!<\/span><\/p>\n<div class=\"flex max-w-full flex-col flex-grow\">\n<div data-message-author-role=\"assistant\" data-message-id=\"61c654f9-9dd2-464c-b2a8-a8923d528ae7\" dir=\"auto\" class=\"min-h-8 text-message flex w-full flex-col items-end gap-2 whitespace-normal break-words [.text-message+&amp;]:mt-5\" data-message-model-slug=\"gpt-4o\">\n<div class=\"flex w-full flex-col gap-1 empty:hidden first:pt-[3px]\">\n<div class=\"markdown prose w-full break-words dark:prose-invert light\">\n<p><span style=\"font-size: small;\">For children aged 6 and up, teens, adults, and seniors.<\/span><\/p>\n<p><strong style=\"color: #ff1d25;\"><span style=\"font-size: medium;\">Transmission workshop: <\/span><\/strong><\/p>\n<p><strong style=\"color: #ff1d25;\"><span style=\"font-size: medium;\">Saturday December 7 &#8211; 12:00 PM &#8211; 5:30 PM<\/span><\/strong><\/p>\n<p><strong style=\"color: #ff1d25;\"><span style=\"font-size: medium;\">Th\u00e9\u00e2tre d&#8217;O<\/span><\/strong><\/p>\n<p><strong style=\"color: #ff1d25;\"><span style=\"font-size: medium;\"><\/span><\/strong><\/p>\n<\/div>\n<\/div>\n<\/div>\n<\/div>\n<p><span style=\"font-size: medium;\"><\/span><\/p>\n<p>[\/et_pb_text][\/et_pb_column][et_pb_column type=&#8221;1_3&#8243; _builder_version=&#8221;4.21.0&#8243; _module_preset=&#8221;default&#8221; global_colors_info=&#8221;{}&#8221;][et_pb_text _builder_version=&#8221;4.27.3&#8243; _module_preset=&#8221;default&#8221; text_line_height=&#8221;1em&#8221; custom_padding=&#8221;5px|5px|5px|5px|false|false&#8221; animation_style=&#8221;slide&#8221; animation_direction=&#8221;bottom&#8221; link_option_url=&#8221;https:\/\/caminaktion.eu\/en\/hypeocc-dansesurbaines&#8221; border_width_all=&#8221;1px&#8221; border_color_all=&#8221;#FF1D25&#8243; box_shadow_style=&#8221;preset1&#8243; global_colors_info=&#8221;{}&#8221; box_shadow_horizontal__hover_enabled=&#8221;on|hover&#8221; box_shadow_horizontal__hover=&#8221;30px&#8221; transform_styles__hover_enabled=&#8221;on|hover&#8221; transform_scale__hover_enabled=&#8221;on|hover&#8221; transform_translate__hover_enabled=&#8221;on|hover&#8221; transform_rotate__hover_enabled=&#8221;on|hover&#8221; transform_skew__hover_enabled=&#8221;on|hover&#8221; transform_origin__hover_enabled=&#8221;on|hover&#8221; transform_scale__hover=&#8221;105%|105%&#8221;]<\/p>\n<h3><strong><i><a href=\"https:\/\/caminaktion.eu\/wp-content\/uploads\/2024\/10\/2A29985E-8B17-4BD7-B053-74145864D90A_1_105_c-radialjpg-carre.jpg\"><\/a><\/i><\/strong><\/h3>\n<h3><b><a href=\"https:\/\/caminaktion.eu\/en\/hypeocc-dansesurbaines\"><img alt=\"\" alt=\"\" loading=\"lazy\" decoding=\"async\" src=\"https:\/\/caminaktion.eu\/wp-content\/uploads\/2024\/11\/Photomontage-300x266.jpeg\" width=\"402\" height=\"356\" alt=\"\" class=\"wp-image-43823 alignnone size-medium\" \/><\/a><\/b><\/h3>\n<h3><b>Danses urbaines 2.0<\/b><\/h3>\n<h4><span style=\"color: #ff1d25;\"><span style=\"caret-color: #ff1d25;\"><b><strong>Continuous Screening of short videos<\/strong><br \/><\/b><\/span><\/span><\/h4>\n<p><span style=\"font-size: small;\"><span>&#8220;Urban dance&#8221; is often used to refer to dance styles emerging from hiphop culture. But&#8230; that&#8217;s not entirely accurate. <\/span><\/span><\/p>\n<p><span style=\"font-size: small;\"><span>To truly understand what lies behind this term, we&#8217;ve compiled videos of non-academic dances from around the world &#8211; social dances that have been born, invented, inspired, borrowed, and recycled in the urban context since the 1990s. <\/span><\/span><\/p>\n<p><span style=\"font-size: small;\"><span>And the next day, you can experience these dances in person with the dance conference by the Dans6T company<\/span><\/span><\/p>\n<p><span style=\"color: #ff1d25;\"><span style=\"font-size: small;\">Free entry<\/span><\/span><\/p>\n<p><span style=\"font-size: medium; color: #ff1d25;\"><span style=\"font-size: medium;\"><strong>Saturday December 7, s<span>tarting from 5:00 PM<\/span><br \/>Th\u00e9\u00e2tre d&#8217;O<\/strong><\/span><\/span><span style=\"font-size: medium;\"><\/span><\/p>\n<p><span style=\"font-size: medium; color: #ff1d25;\"><span style=\"font-size: medium;\"><strong><img alt=\"\" alt=\"\" loading=\"lazy\" decoding=\"async\" src=\"https:\/\/caminaktion.eu\/wp-content\/uploads\/2024\/11\/PMR-dynamique-noir.png\" width=\"26\" height=\"225\" alt=\"\" class=\"wp-image-43996 alignnone size-full\" \/><\/strong><\/span><\/span><\/p>\n<p><em><\/em><\/p>\n<p>[\/et_pb_text][\/et_pb_column][\/et_pb_row][et_pb_row column_structure=&#8221;1_3,1_3,1_3&#8243; _builder_version=&#8221;4.23&#8243; _module_preset=&#8221;default&#8221; width=&#8221;100%&#8221; max_width=&#8221;1349px&#8221; max_width_tablet=&#8221;1349px&#8221; max_width_phone=&#8221;1349px&#8221; max_width_last_edited=&#8221;on|desktop&#8221; custom_padding=&#8221;|10px||10px|false|false&#8221; global_colors_info=&#8221;{}&#8221;][et_pb_column type=&#8221;1_3&#8243; _builder_version=&#8221;4.21.0&#8243; _module_preset=&#8221;default&#8221; global_colors_info=&#8221;{}&#8221;][et_pb_text content_tablet=&#8221;<\/p>\n<h3><strong><i><a href=%22https:\/\/caminaktion.eu\/en\/hypeocc-plier%22><img alt=\"\" alt=\"\" src=%22https:\/\/caminaktion.eu\/wp-content\/uploads\/2024\/11\/Virgile-\u00a9-@lucasIanelli-carre-300x300.jpg%22 width=%22387%22 height=%22387%22 alt=%22%22 class=%22wp-image-43683 alignnone size-medium%22 \/><\/a><\/i><\/strong><\/h3>\n<h3><strong><i>Plier<\/i><\/strong><\/h3>\n<h3><strong>Virgile Dagneux <\/strong><\/h3>\n<h3><strong>Cie Virgule (Montpellier)<\/strong><strong><i><\/i><\/strong><\/h3>\n<h4><span style=%22color: #ff1d25;%22><b>Dance solo &#8211; work-in-progress<\/b><\/span><\/h4>\n<p><span style=%22font-size: small;%22><span><em>Plier<\/em> is a solo performance: dance, humor, and intimacy. Virgile explores his body marked by time, retracing the effects of 20 years of practice.<br \/><\/span><\/span><\/p>\n<p><span style=%22font-size: small;%22><span>Through a gestural inventory, he questions what remains from this experience, playing with his movements by varying rhythm, repetition, fall, and exploring the grotesque and the sensual.<\/span><\/span><\/p>\n<p><span style=%22font-size: small;%22><span>This physical and introspective journey reflects on the passage from the intimate to a shared experience.<\/span><\/span><\/p>\n<p><span style=%22font-size: medium; color: #ff1d25;%22><strong><span style=%22color: #ff1d25;%22>Saturday December 7, 8:30 PM + Q&#038;A<br \/><\/span><\/strong><span style=%22color: #ff1d25;%22>Double bill with <em>Blood Flows<\/em> by Les Gamal<\/span><span style=%22color: #ff1d25;%22><br \/><\/span><strong><span style=%22color: #ff1d25;%22>Th\u00e9\u00e2tre d&#8217;O*<\/span><\/strong><\/span><span style=%22font-size: medium; color: #ff1d25;%22><span style=%22font-size: medium;%22><strong><\/strong><\/span><\/span><\/p>\n<p><span style=%22font-size: medium; color: #ff1d25;%22><strong><span style=%22color: #ff1d25;%22><img alt=\"\" alt=\"\" src=%22https:\/\/caminaktion.eu\/wp-content\/uploads\/2024\/11\/PMR-dynamique-noir.png%22 width=%2226%22 height=%22225%22 alt=%22%22 class=%22wp-image-43996 alignnone size-full%22 \/><\/span><\/strong><\/span><\/p>\n<p><span style=%22font-size: medium; color: #ff1d25;%22><span style=%22color: #ff1d25;%22><em><span style=%22font-size: small; color: #ff1d25;%22>*Come by bike! \ud83d\udeb4\ud83c\udffd Free on-site maintenance by our partner Cyclable and a surprise for the first 5 cyclists who check in at the ticket office.<\/span><\/em><\/span><\/span><\/p>\n<p><em><\/em><\/p>\n<p>&#8221; content_phone=&#8221;<\/p>\n<h3><strong><i><a href=%22https:\/\/caminaktion.eu\/en\/hypeocc-plier%22><img alt=\"\" alt=\"\" src=%22https:\/\/caminaktion.eu\/wp-content\/uploads\/2024\/11\/Virgile-\u00a9-@lucasIanelli-carre-300x300.jpg%22 width=%22387%22 height=%22387%22 alt=%22%22 class=%22wp-image-43683 alignnone size-medium%22 \/><\/a><\/i><\/strong><\/h3>\n<h3><strong><i>Plier<\/i><\/strong><\/h3>\n<h3><strong>Virgile Dagneux <\/strong><\/h3>\n<h3><strong>Cie Virgule (Montpellier)<\/strong><strong><i><\/i><\/strong><\/h3>\n<h4><span style=%22color: #ff1d25;%22><b>Dance solo &#8211; work-in-progress<\/b><\/span><\/h4>\n<p><span style=%22font-size: small;%22><span><em>Plier<\/em> is a solo performance: dance, humor, and intimacy. Virgile explores his body marked by time, retracing the effects of 20 years of practice.<br \/><\/span><\/span><\/p>\n<p><span style=%22font-size: small;%22><span>Through a gestural inventory, he questions what remains from this experience, playing with his movements by varying rhythm, repetition, fall, and exploring the grotesque and the sensual.<\/span><\/span><\/p>\n<p><span style=%22font-size: small;%22><span>This physical and introspective journey reflects on the passage from the intimate to a shared experience.<\/span><\/span><\/p>\n<p><span style=%22font-size: medium; color: #ff1d25;%22><strong><span style=%22color: #ff1d25;%22>Saturday December 7, 8:30 PM + Q&#038;A<br \/><\/span><\/strong><span style=%22color: #ff1d25;%22>Double bill with <em>Blood Flows<\/em> by Les Gamal<\/span><span style=%22color: #ff1d25;%22><br \/><\/span><strong><span style=%22color: #ff1d25;%22>Th\u00e9\u00e2tre d&#8217;O*<\/span><\/strong><\/span><span style=%22font-size: medium; color: #ff1d25;%22><span style=%22font-size: medium;%22><strong><\/strong><\/span><\/span><\/p>\n<p><span style=%22font-size: medium; color: #ff1d25;%22><strong><span style=%22color: #ff1d25;%22><img alt=\"\" alt=\"\" src=%22https:\/\/caminaktion.eu\/wp-content\/uploads\/2024\/11\/PMR-dynamique-noir.png%22 width=%2226%22 height=%22225%22 alt=%22%22 class=%22wp-image-43996 alignnone size-full%22 \/><\/span><\/strong><\/span><span style=%22font-size: medium; color: #ff1d25;%22><strong><span style=%22color: #ff1d25;%22><\/span><\/strong><\/span><\/p>\n<p><span style=%22font-size: medium; color: #ff1d25;%22><span style=%22color: #ff1d25;%22><em><span style=%22font-size: small; color: #ff1d25;%22>*Come by bike! \ud83d\udeb4\ud83c\udffd  Free on-site maintenance by our partner Cyclable and a surprise for the first 5 cyclists who check in at the ticket office.<\/span><\/em><\/span><\/span><\/p>\n<p><em><\/em><\/p>\n<p>&#8221; content_last_edited=&#8221;on|phone&#8221; _builder_version=&#8221;4.27.3&#8243; _module_preset=&#8221;default&#8221; text_line_height=&#8221;1em&#8221; transform_scale_last_edited=&#8221;off|desktop&#8221; transform_translate_last_edited=&#8221;off|desktop&#8221; transform_rotate_last_edited=&#8221;off|desktop&#8221; transform_skew_last_edited=&#8221;off|desktop&#8221; transform_origin_last_edited=&#8221;off|desktop&#8221; transform_styles_last_edited=&#8221;off|desktop&#8221; custom_padding=&#8221;5px|5px|5px|5px|false|false&#8221; link_option_url=&#8221;https:\/\/caminaktion.eu\/en\/hypeocc-plier&#8221; border_width_all=&#8221;1px&#8221; border_color_all=&#8221;#FF1D25&#8243; box_shadow_style=&#8221;preset1&#8243; global_colors_info=&#8221;{}&#8221; box_shadow_horizontal__hover_enabled=&#8221;on|desktop&#8221; transform_styles__hover_enabled=&#8221;on|hover&#8221; transform_scale__hover_enabled=&#8221;on|hover&#8221; transform_translate__hover_enabled=&#8221;on|desktop&#8221; transform_rotate__hover_enabled=&#8221;on|desktop&#8221; transform_skew__hover_enabled=&#8221;on|desktop&#8221; transform_origin__hover_enabled=&#8221;on|desktop&#8221; box_shadow_horizontal__hover=&#8221;30px&#8221; transform_scale__hover=&#8221;105%|105%&#8221;]<\/p>\n<h3><strong><i><a href=\"https:\/\/caminaktion.eu\/en\/hypeocc-plier\"><img alt=\"\" alt=\"\" loading=\"lazy\" decoding=\"async\" src=\"https:\/\/caminaktion.eu\/wp-content\/uploads\/2024\/11\/Virgile-\u00a9-@lucasIanelli-carre-300x300.jpg\" width=\"387\" height=\"387\" alt=\"\" class=\"wp-image-43683 alignnone size-medium\" srcset=\"https:\/\/caminaktion.eu\/wp-content\/uploads\/2024\/11\/Virgile-\u00a9-@lucasIanelli-carre-300x300.jpg 300w, https:\/\/caminaktion.eu\/wp-content\/uploads\/2024\/11\/Virgile-\u00a9-@lucasIanelli-carre-1024x1024.jpg 1024w, https:\/\/caminaktion.eu\/wp-content\/uploads\/2024\/11\/Virgile-\u00a9-@lucasIanelli-carre-150x150.jpg 150w, https:\/\/caminaktion.eu\/wp-content\/uploads\/2024\/11\/Virgile-\u00a9-@lucasIanelli-carre-768x768.jpg 768w, https:\/\/caminaktion.eu\/wp-content\/uploads\/2024\/11\/Virgile-\u00a9-@lucasIanelli-carre-1536x1536.jpg 1536w, https:\/\/caminaktion.eu\/wp-content\/uploads\/2024\/11\/Virgile-\u00a9-@lucasIanelli-carre-2048x2048.jpg 2048w, https:\/\/caminaktion.eu\/wp-content\/uploads\/2024\/11\/Virgile-\u00a9-@lucasIanelli-carre-1080x1080.jpg 1080w, https:\/\/caminaktion.eu\/wp-content\/uploads\/2024\/11\/Virgile-\u00a9-@lucasIanelli-carre-1280x1280.jpg 1280w, https:\/\/caminaktion.eu\/wp-content\/uploads\/2024\/11\/Virgile-\u00a9-@lucasIanelli-carre-980x980.jpg 980w, https:\/\/caminaktion.eu\/wp-content\/uploads\/2024\/11\/Virgile-\u00a9-@lucasIanelli-carre-480x480.jpg 480w\" sizes=\"(max-width: 387px) 100vw, 387px\" \/><\/a><\/i><\/strong><\/h3>\n<h3><strong><i>Plier<\/i><\/strong><\/h3>\n<h3><strong>Virgile Dagneux <\/strong><\/h3>\n<h3><strong>Cie Virgule (Montpellier)<\/strong><strong><i><\/i><\/strong><\/h3>\n<h4><span style=\"color: #ff1d25;\"><b>Dance solo &#8211; work-in-progress<\/b><\/span><\/h4>\n<p><span style=\"font-size: small;\"><span><em>Plier<\/em> is a solo performance: dance, humor, and intimacy. Virgile explores his body marked by time, retracing the effects of 20 years of practice.<br \/><\/span><\/span><\/p>\n<p><span style=\"font-size: small;\"><span>Through a gestural inventory, he questions what remains from this experience, playing with his movements by varying rhythm, repetition, fall, and exploring the grotesque and the sensual.<\/span><\/span><\/p>\n<p><span style=\"font-size: small;\"><span>This physical and introspective journey reflects on the passage from the intimate to a shared experience.<\/span><\/span><\/p>\n<p><span style=\"font-size: medium; color: #ff1d25;\"><strong><span style=\"color: #ff1d25;\">Saturday December 7 &#8211; 8:30 PM + Q&amp;A<br \/><\/span><\/strong><span style=\"color: #ff1d25;\">Double bill with <em>Blood Flows<\/em> by Les Gamal<\/span><span style=\"color: #ff1d25;\"><br \/><\/span><strong><span style=\"color: #ff1d25;\">Th\u00e9\u00e2tre d&#8217;O*<\/span><\/strong><\/span><\/p>\n<p><span style=\"font-size: medium; color: #ff1d25;\"><strong><span style=\"color: #ff1d25;\"><img alt=\"\" alt=\"\" loading=\"lazy\" decoding=\"async\" src=\"https:\/\/caminaktion.eu\/wp-content\/uploads\/2024\/11\/PMR-dynamique-noir.png\" width=\"26\" height=\"225\" alt=\"\" class=\"wp-image-43996 alignnone size-full\" \/><\/span><\/strong><\/span><\/p>\n<p><em><span style=\"font-size: small; color: #ff1d25;\"><span style=\"color: #ff1d25;\">*Come by bike! \ud83d\udeb4\ud83c\udffd Free on-site maintenance by our partner Cyclable and a surprise for the first 5 cyclists who check in at the ticket office.<\/span><\/span><\/em><\/p>\n<p><em><\/em><\/p>\n<p>[\/et_pb_text][\/et_pb_column][et_pb_column type=&#8221;1_3&#8243; _builder_version=&#8221;4.27.2&#8243; _module_preset=&#8221;default&#8221; global_colors_info=&#8221;{}&#8221;][et_pb_text content_tablet=&#8221;<\/p>\n<h3><strong><i><a href=%22https:\/\/caminaktion.eu\/wp-content\/uploads\/2024\/11\/Virgile-\u00a9-@lucasIanelli-carre-scaled.jpg%22><\/a><a href=%22https:\/\/caminaktion.eu\/en\/hypeocc-flux%22><img alt=\"\" alt=\"\" src=%22https:\/\/caminaktion.eu\/wp-content\/uploads\/2024\/11\/GAMAL-LA-PLACE_261-carre-1-300x300.jpg%22 width=%22378%22 height=%22378%22 alt=%22%22 class=%22wp-image-43692 alignnone size-medium%22 \/><\/a><a href=%22https:\/\/caminaktion.eu\/wp-content\/uploads\/2024\/11\/Virgile-\u00a9-@lucasIanelli-carre-scaled.jpg%22><\/a><\/i><\/strong><\/h3>\n<h3><strong><i>Blood Flows &#8211; the Power of Brotherhood<\/i><\/strong><\/h3>\n<h3><strong style=%22font-size: 20px;%22>Lo\u00efck &#038; Emerick Gene<\/strong><\/h3>\n<h3><strong style=%22font-size: 20px;%22>Les Gamal (Guadeloupe\/Lyon)<\/strong><\/h3>\n<h4><span style=%22color: #ff1d25;%22><span style=%22caret-color: #ff1d25;%22><b>Dance performance<\/b><\/span><\/span><\/h4>\n<h4><span style=%22font-size: small; color: #232323;%22>\u00ab Travel and discover our universe\u2026 The convergence of our thoughts, the alignment of our sensitivities. This dimension where our complementarity shapes our identity and energizes the expression of our twinship! Like streams of energy&#8230; Like blood flows!%22<br \/>This performance, combining technical virtuosity and choreographic composition, invites us on a journey that moves through the heart of an energy flow, revealing a brotherhood that has become the foundation of the artistic identity of the two brothers.<\/span><\/h4>\n<p>\u00a0<\/p>\n<p><span style=%22font-size: small; color: #ff1d25;%22><span style=%22font-size: small;%22><span style=%22font-size: medium;%22><span style=%22font-size: medium;%22><span style=%22font-size: medium; color: #ff1d25;%22><strong><span style=%22color: #ff1d25;%22>Saturday December 7, 8:30 PM + Q&#038;A<br \/><\/span><\/strong><\/span>Double bill with <\/span><span style=%22font-size: medium;%22><em>Plier<\/em> by Virgile Dagneaux<\/span><span style=%22font-size: medium;%22><br \/><\/span><strong><span style=%22font-size: medium;%22><span style=%22font-size: medium;%22> Th\u00e9\u00e2tre d&#8217;O*<\/span><\/span><\/strong><\/span><\/span><\/span><\/p>\n<p><span style=%22font-size: small; color: #ff1d25;%22><span style=%22font-size: small;%22><span style=%22font-size: medium;%22><strong><span style=%22font-size: medium;%22><span style=%22font-size: medium;%22><img alt=\"\" alt=\"\" src=%22https:\/\/caminaktion.eu\/wp-content\/uploads\/2024\/11\/PMR-dynamique-noir.png%22 width=%2226%22 height=%22225%22 alt=%22%22 class=%22wp-image-43996 alignnone size-full%22 \/><\/span><\/span><\/strong><\/span><\/span><\/span><\/p>\n<p><span style=%22font-size: small; color: #ff1d25;%22><span style=%22font-size: small;%22><span style=%22font-size: medium;%22><span style=%22font-size: medium;%22><span style=%22font-size: small;%22><em><span style=%22color: #ff1d25;%22>*Come by bike! \ud83d\udeb4\ud83c\udffd Free on-site maintenance by our partner Cyclable and a surprise for the first 5 cyclists who check in at the ticket office.<\/span><\/em><\/span><\/span><\/span><\/span><\/span><\/p>\n<p>&#8221; content_phone=&#8221;<\/p>\n<h3><strong><i><a href=%22https:\/\/caminaktion.eu\/wp-content\/uploads\/2024\/11\/Virgile-\u00a9-@lucasIanelli-carre-scaled.jpg%22><\/a><a href=%22https:\/\/caminaktion.eu\/en\/hypeocc-flux%22><img alt=\"\" alt=\"\" src=%22https:\/\/caminaktion.eu\/wp-content\/uploads\/2024\/11\/GAMAL-LA-PLACE_261-carre-1-300x300.jpg%22 width=%22378%22 height=%22378%22 alt=%22%22 class=%22wp-image-43692 alignnone size-medium%22 \/><\/a><a href=%22https:\/\/caminaktion.eu\/wp-content\/uploads\/2024\/11\/Virgile-\u00a9-@lucasIanelli-carre-scaled.jpg%22><\/a><\/i><\/strong><\/h3>\n<h3><strong><i>Blood Flows &#8211; the Power of Brotherhood<\/i><\/strong><\/h3>\n<h3><strong style=%22font-size: 20px;%22>Lo\u00efck &#038; Emerick Gene<\/strong><\/h3>\n<h3><strong style=%22font-size: 20px;%22>Les Gamal (Guadeloupe\/Lyon)<\/strong><\/h3>\n<h4><span style=%22color: #ff1d25;%22><span style=%22caret-color: #ff1d25;%22><b>Dance performance<\/b><\/span><\/span><\/h4>\n<h4><span style=%22font-size: small; color: #232323;%22>\u00ab Travel and discover our universe\u2026 The convergence of our thoughts, the alignment of our sensitivities. This dimension where our complementarity shapes our identity and energizes the expression of our twinship! Like streams of energy&#8230; Like blood flows!%22<br \/>This performance, combining technical virtuosity and choreographic composition, invites us on a journey that moves through the heart of an energy flow, revealing a brotherhood that has become the foundation of the artistic identity of the two brothers<\/span><\/h4>\n<p>\u00a0<\/p>\n<p><span style=%22font-size: small; color: #ff1d25;%22><span style=%22font-size: small;%22><span style=%22font-size: medium;%22><span style=%22font-size: medium;%22><span style=%22font-size: medium; color: #ff1d25;%22><strong><span style=%22color: #ff1d25;%22>Saturday December 7, 8:30 PM + Q&#038;A<br \/><\/span><\/strong><\/span>Double bill with <\/span><span style=%22font-size: medium;%22><em>Plier<\/em> by Virgile Dagneaux<\/span><span style=%22font-size: medium;%22><br \/><\/span><strong><span style=%22font-size: medium;%22><span style=%22font-size: medium;%22> Th\u00e9\u00e2tre d&#8217;O*<\/span><\/span><\/strong><\/span><\/span><\/span><\/p>\n<p><span style=%22font-size: small; color: #ff1d25;%22><span style=%22font-size: small;%22><span style=%22font-size: medium;%22><strong><span style=%22font-size: medium;%22><span style=%22font-size: medium;%22><img alt=\"\" alt=\"\" src=%22https:\/\/caminaktion.eu\/wp-content\/uploads\/2024\/11\/PMR-dynamique-noir.png%22 width=%2226%22 height=%22225%22 alt=%22%22 class=%22wp-image-43996 alignnone size-full%22 \/><\/span><\/span><\/strong><\/span><\/span><\/span><\/p>\n<p><span style=%22font-size: small; color: #ff1d25;%22><span style=%22font-size: small;%22><span style=%22font-size: medium;%22><span style=%22font-size: medium;%22><span style=%22font-size: small;%22><em><span style=%22color: #ff1d25;%22>*Come by bike! \ud83d\udeb4\ud83c\udffd Free on-site maintenance by our partner Cyclable and a surprise for the first 5 cyclists who check in at the ticket office.<\/span><\/em><\/span><\/span><\/span><\/span><\/span><\/p>\n<p>&#8221; content_last_edited=&#8221;on|phone&#8221; _builder_version=&#8221;4.27.3&#8243; _module_preset=&#8221;default&#8221; text_line_height=&#8221;1em&#8221; custom_padding=&#8221;5px|5px|5px|5px|false|false&#8221; link_option_url=&#8221;https:\/\/caminaktion.eu\/en\/hypeocc-flux&#8221; hover_enabled=&#8221;0&#8243; border_width_all=&#8221;1px&#8221; border_color_all=&#8221;#FF1D25&#8243; box_shadow_style=&#8221;preset1&#8243; global_colors_info=&#8221;{}&#8221; box_shadow_horizontal__hover_enabled=&#8221;on|hover&#8221; box_shadow_horizontal__hover=&#8221;30px&#8221; transform_styles__hover_enabled=&#8221;on|hover&#8221; transform_scale__hover_enabled=&#8221;on|hover&#8221; transform_translate__hover_enabled=&#8221;on|hover&#8221; transform_rotate__hover_enabled=&#8221;on|hover&#8221; transform_skew__hover_enabled=&#8221;on|hover&#8221; transform_origin__hover_enabled=&#8221;on|hover&#8221; transform_scale__hover=&#8221;105%|105%&#8221; sticky_enabled=&#8221;0&#8243;]<\/p>\n<h3><strong><i><a href=\"https:\/\/caminaktion.eu\/wp-content\/uploads\/2024\/11\/Virgile-\u00a9-@lucasIanelli-carre-scaled.jpg\"><\/a><a href=\"https:\/\/caminaktion.eu\/en\/hypeocc-flux\"><img alt=\"\" alt=\"\" loading=\"lazy\" decoding=\"async\" src=\"https:\/\/caminaktion.eu\/wp-content\/uploads\/2024\/11\/GAMAL-LA-PLACE_261-carre-1-300x300.jpg\" width=\"378\" height=\"378\" alt=\"\" class=\"wp-image-43692 alignnone size-medium\" \/><\/a><a href=\"https:\/\/caminaktion.eu\/wp-content\/uploads\/2024\/11\/Virgile-\u00a9-@lucasIanelli-carre-scaled.jpg\"><\/a><\/i><\/strong><\/h3>\n<h3><strong><i>Blood Flows &#8211; the Power of Brotherhood<\/i><\/strong><\/h3>\n<h3><strong style=\"font-size: 20px;\">Lo\u00efck &amp; Emerick Gene<\/strong><\/h3>\n<h3><strong style=\"font-size: 20px;\">Les Gamal (Guadeloupe\/Lyon)<\/strong><\/h3>\n<h4><span style=\"color: #ff1d25;\"><span style=\"caret-color: #ff1d25;\"><b>Dance performance<\/b><\/span><\/span><span style=\"font-size: small; color: #232323;\"><br \/>\n\u00ab Travel and discover our universe\u2026 The convergence of our thoughts, the alignment of our sensitivities. This dimension where our complementarity shapes our identity and energizes the expression of our twinship! Like streams of energy&#8230; Like blood flows!&#8221;<br \/>\nThis performance, combining technical virtuosity and choreographic composition, invites us on a journey that moves through the heart of an energy flow, revealing a brotherhood that has become the foundation of the artistic identity of the two brothers<\/p>\n<p><span style=\"font-size: small; color: #ff1d25;\"><span style=\"font-size: small;\"><span style=\"font-size: medium;\"><span style=\"font-size: medium;\"><span style=\"font-size: medium; color: #ff1d25;\"><strong><span style=\"color: #ff1d25;\">Saturday December 7 &#8211; 8:30 PM + Q&amp;A<br \/>\n<\/span><\/strong><\/span>Double bill with <\/span><span style=\"font-size: medium;\"><em>Plier<\/em> by Virgile Dagneaux<\/span><span style=\"font-size: medium;\"><br \/>\n<\/span><strong><span style=\"font-size: medium;\"><span style=\"font-size: medium;\"> Th\u00e9\u00e2tre d&#8217;O*<\/span><\/span><\/strong><\/span><\/span><\/span><\/p>\n<p><span style=\"font-size: small; color: #ff1d25;\"><span style=\"font-size: small;\"><span style=\"font-size: medium;\"><strong><span style=\"font-size: medium;\"><span style=\"font-size: medium;\"><img alt=\"\" alt=\"\" loading=\"lazy\" decoding=\"async\" src=\"https:\/\/caminaktion.eu\/wp-content\/uploads\/2024\/11\/PMR-dynamique-noir.png\" width=\"26\" height=\"225\" alt=\"\" class=\"wp-image-43996 alignnone size-full\" \/><\/span><\/span><\/strong><\/span><\/span><\/span><\/p>\n<p><span style=\"font-size: small; color: #ff1d25;\"><span style=\"font-size: small;\"><span style=\"font-size: medium;\"><span style=\"font-size: medium;\"><span style=\"font-size: small;\"><em><span style=\"color: #ff1d25;\">*Come by bike \ud83d\udeb4\ud83c\udffd! Free on-site maintenance by our partner Cyclable and a surprise for the first 5 cyclists who check in at the ticket office.<\/span><\/em><\/span><\/span><\/span><\/span><\/span>[\/et_pb_text][\/et_pb_column][et_pb_column type=&#8221;1_3&#8243; _builder_version=&#8221;4.21.0&#8243; _module_preset=&#8221;default&#8221; global_colors_info=&#8221;{}&#8221;][et_pb_text content_tablet=&#8221;<\/p>\n<h3><a href=%22https:\/\/caminaktion.eu\/en\/hypeocc-luttes%22><img alt=\"\" alt=\"\" src=%22https:\/\/caminaktion.eu\/wp-content\/uploads\/2024\/11\/22102024-DSCF0884-Avec-accentuation-Bruit-carre-300x300.jpg%22 width=%22382%22 height=%22382%22 alt=%22%22 class=%22wp-image-43845 alignnone size-medium%22 \/><\/a><\/h3>\n<h3><strong><i>Dances and struggles <\/i>+ jam!<\/strong><\/h3>\n<h3><strong>Bouziane Bouteldja<\/strong><\/h3>\n<h3><strong style=%22font-size: 20px;%22>Cie Dans6T (Tarbes)<\/strong><\/h3>\n<h4><span style=%22color: #ff1d25;%22><span style=%22caret-color: #ff1d25;%22><b>Dance conference followed by a jam + DJ <\/b><\/span><\/span><\/h4>\n<p><span style=%22font-size: small;%22>A journey through the world of dances born from struggle, resilience, and the blending of cultures, presented as a dance lecture led (in French) by Bouziane Bouteldja, his dancers, and a group of participants from Montpellier.<\/span><\/p>\n<p><span style=%22font-size: small;%22>An original and participatory experience&#8230; Flamenco, Pantsula, Kuduro, Breakdance, Celtic dances\u2014they have more in common than you might think!<\/span><\/p>\n<p><strong><span style=%22font-size: small;%22>This performance is followed by a jam session to groove together with DJ S!D, plus showcases featuring the incredible talents of the Wontanara dance crew and rappers Mooly &amp; Migues!<\/span><\/strong><\/p>\n<p><span style=%22font-size: medium; color: #ff1d25;%22><span style=%22font-size: medium;%22><span style=%22font-size: medium;%22><strong><span style=%22font-size: medium;%22>Sunday December 8, 2:30 PM<br \/><span style=%22font-size: medium;%22>Halle Tropisme <\/span><\/span><\/strong><span style=%22font-size: medium;%22><span style=%22font-size: medium;%22>(La Menuiserie)<\/span><\/span><\/span><\/span><\/span><\/p>\n<p><span style=%22font-size: medium; color: #ff1d25;%22><span style=%22font-size: medium;%22><span style=%22font-size: medium;%22><span style=%22font-size: medium;%22><span style=%22font-size: medium;%22><img alt=\"\" alt=\"\" src=%22https:\/\/caminaktion.eu\/wp-content\/uploads\/2024\/11\/PMR-dynamique-noir.png%22 width=%2226%22 height=%22225%22 alt=%22%22 class=%22wp-image-43996 alignnone size-full%22 \/><\/span><\/span><\/span><\/span><\/span><\/p>\n<p><span style=%22font-size: medium; color: #ff1d25;%22><span style=%22font-size: medium;%22><span style=%22font-size: medium;%22><span style=%22font-size: medium;%22><span style=%22font-size: medium;%22><\/span><\/span><\/span><\/span><\/span><\/p>\n<p>&#8221; content_phone=&#8221;<\/p>\n<h3><a href=%22https:\/\/caminaktion.eu\/en\/hypeocc-luttes%22><img alt=\"\" alt=\"\" src=%22https:\/\/caminaktion.eu\/wp-content\/uploads\/2024\/11\/22102024-DSCF0884-Avec-accentuation-Bruit-carre-300x300.jpg%22 width=%22382%22 height=%22382%22 alt=%22%22 class=%22wp-image-43845 alignnone size-medium%22 \/><\/a><\/h3>\n<h3><strong><i>Dances and struggles <\/i>+ jam!<\/strong><\/h3>\n<h3><strong>Bouziane Bouteldja<\/strong><\/h3>\n<h3><strong style=%22font-size: 20px;%22>Cie Dans6T (Tarbes)<\/strong><\/h3>\n<h4><span style=%22color: #ff1d25;%22><span style=%22caret-color: #ff1d25;%22><b>Dance conference followed by a jam + DJ <\/b><\/span><\/span><\/h4>\n<p><span style=%22font-size: small;%22>A journey through the world of dances born from struggle, resilience, and the blending of cultures, presented as a dance lecture led (in French) by Bouziane Bouteldja, his dancers, and a group of participants from Montpellier.<\/span><\/p>\n<p><span style=%22font-size: small;%22>An original and participatory experience&#8230; Flamenco, Pantsula, Kuduro, Breakdance, Celtic dances\u2014they have more in common than you might think!<\/span><\/p>\n<p><strong><span style=%22font-size: small;%22>This performance is followed by a jam session to groove together with DJ S!D, plus showcases featuring the incredible talents of the Wontanara dance crew and rappers Mooly &amp; Migues!<\/span><\/strong><\/p>\n<p><span style=%22font-size: medium; color: #ff1d25;%22><span style=%22font-size: medium;%22><span style=%22font-size: medium;%22><strong><span style=%22font-size: medium;%22>Sunday December 8, 2:30 PM<br \/><span style=%22font-size: medium;%22>Halle Tropisme <\/span><\/span><\/strong><span style=%22font-size: medium;%22><span style=%22font-size: medium;%22>(La Menuiserie)<\/span><\/span><\/span><\/span><\/span><\/p>\n<p><span style=%22font-size: medium; color: #ff1d25;%22><span style=%22font-size: medium;%22><span style=%22font-size: medium;%22><span style=%22font-size: medium;%22><span style=%22font-size: medium;%22><img alt=\"\" alt=\"\" src=%22https:\/\/caminaktion.eu\/wp-content\/uploads\/2024\/11\/PMR-dynamique-noir.png%22 width=%2226%22 height=%22225%22 alt=%22%22 class=%22wp-image-43996 alignnone size-full%22 \/><\/span><\/span><\/span><\/span><\/span><\/p>\n<p><span style=%22font-size: medium; color: #ff1d25;%22><span style=%22font-size: medium;%22><span style=%22font-size: medium;%22><span style=%22font-size: medium;%22><span style=%22font-size: medium;%22><\/span><\/span><\/span><\/span><\/span><\/p>\n<p>&#8221; content_last_edited=&#8221;on|phone&#8221; _builder_version=&#8221;4.27.3&#8243; _module_preset=&#8221;default&#8221; text_line_height=&#8221;1em&#8221; custom_padding=&#8221;5px|5px|5px|5px|false|false&#8221; link_option_url=&#8221;https:\/\/caminaktion.eu\/en\/hypeocc-luttes&#8221; hover_enabled=&#8221;0&#8243; border_width_all=&#8221;1px&#8221; border_color_all=&#8221;#FF1D25&#8243; box_shadow_style=&#8221;preset1&#8243; global_colors_info=&#8221;{}&#8221; box_shadow_horizontal__hover_enabled=&#8221;on|hover&#8221; box_shadow_horizontal__hover=&#8221;30px&#8221; transform_styles__hover_enabled=&#8221;on|hover&#8221; transform_scale__hover_enabled=&#8221;on|hover&#8221; transform_translate__hover_enabled=&#8221;on|hover&#8221; transform_rotate__hover_enabled=&#8221;on|hover&#8221; transform_skew__hover_enabled=&#8221;on|hover&#8221; transform_origin__hover_enabled=&#8221;on|hover&#8221; transform_scale__hover=&#8221;105%|105%&#8221; sticky_enabled=&#8221;0&#8243;]<\/p>\n<h3><a href=\"https:\/\/caminaktion.eu\/en\/hypeocc-luttes\"><img alt=\"\" alt=\"\" loading=\"lazy\" decoding=\"async\" src=\"https:\/\/caminaktion.eu\/wp-content\/uploads\/2024\/11\/22102024-DSCF0884-Avec-accentuation-Bruit-carre-300x300.jpg\" width=\"382\" height=\"382\" alt=\"\" class=\"wp-image-43845 alignnone size-medium\" \/><\/a><\/h3>\n<h3><strong><i>Dances and struggles <\/i>+ jam!<\/strong><\/h3>\n<h3><strong>Bouziane Bouteldja<\/strong><\/h3>\n<h3><strong style=\"font-size: 20px;\">Cie Dans6T (Tarbes)<\/strong><\/h3>\n<h4><span style=\"color: #ff1d25;\"><span style=\"caret-color: #ff1d25;\"><b>Dance conference followed by a jam + DJ\u00a0<\/b><\/span><\/span><\/h4>\n<p><span style=\"font-size: small;\">A journey through the world of dances born from struggle, resilience, and the blending of cultures, presented as a dance lecture led (in French) by Bouziane Bouteldja, his dancers, and a group of participants from Montpellier.<\/span><\/p>\n<p><span style=\"font-size: small;\">An original and participatory experience&#8230; Flamenco, Pantsula, Kuduro, Breakdance, Celtic dances\u2014they have more in common than you might think!<\/span><\/p>\n<p><strong><span style=\"font-size: small;\">This performance is followed by a jam session to groove together with DJ S!D, plus showcases featuring the incredible talents of the Wontanara dance crew and rappers Mooly &amp; Migues! <\/span><\/strong><\/p>\n<p><strong><span style=\"font-size: medium; color: #ff1d25;\"><span style=\"font-size: medium;\"><span style=\"font-size: medium;\"><strong><span style=\"font-size: medium;\">Sunday December 8 &#8211; 2:30 PM<br \/><span style=\"font-size: medium;\">Halle Tropisme <\/span><\/span><\/strong><span style=\"font-size: medium;\"><span style=\"font-size: medium;\">(La Menuiserie)<\/span><\/span><\/span><\/span><\/span><\/strong><\/p>\n<p><span style=\"font-size: medium; color: #ff1d25;\"><span style=\"font-size: medium;\"><span style=\"font-size: medium;\"><span style=\"font-size: medium;\"><span style=\"font-size: medium;\"><img alt=\"\" alt=\"\" loading=\"lazy\" decoding=\"async\" src=\"https:\/\/caminaktion.eu\/wp-content\/uploads\/2024\/11\/PMR-dynamique-noir.png\" width=\"26\" height=\"225\" alt=\"\" class=\"wp-image-43996 alignnone size-full\" \/><\/span><\/span><\/span><\/span><\/span><\/p>\n<p>[\/et_pb_text][\/et_pb_column][\/et_pb_row][et_pb_row column_structure=&#8221;1_3,1_3,1_3&#8243; _builder_version=&#8221;4.23&#8243; _module_preset=&#8221;default&#8221; width=&#8221;100%&#8221; max_width=&#8221;1349px&#8221; max_width_tablet=&#8221;1349px&#8221; max_width_phone=&#8221;1349px&#8221; max_width_last_edited=&#8221;on|desktop&#8221; custom_padding=&#8221;|10px||10px|false|false&#8221; global_colors_info=&#8221;{}&#8221;][et_pb_column type=&#8221;1_3&#8243; _builder_version=&#8221;4.21.0&#8243; _module_preset=&#8221;default&#8221; global_colors_info=&#8221;{}&#8221;][et_pb_text content_tablet=&#8221;<\/p>\n<h3><a href=%22https:\/\/caminaktion.eu\/wp-content\/uploads\/2024\/11\/Khoudia.jpeg%22><img alt=\"\" alt=\"\" src=%22https:\/\/caminaktion.eu\/wp-content\/uploads\/2024\/11\/Khoudia-300x300.jpeg%22 width=%22380%22 height=%22380%22 alt=%22%22 class=%22wp-image-43731 alignnone size-medium%22 \/><\/a><\/h3>\n<h3><strong><i>L&#8217;appel \u00e0 la danse au S\u00e9n\u00e9gal<\/i><\/strong><\/h3>\n<h3><strong>Un film de Diane Fardoun<\/strong><\/h3>\n<h4><span style=%22color: #ff1d25;%22><b>Film documentaire (S\u00e9n\u00e9gal, 2017)<\/b><\/span><\/h4>\n<p><span style=%22font-size: small;%22><em>L\u2019Appel \u00e0 la Danse au S\u00e9n\u00e9gal<\/em> est un documentaire de cr\u00e9ation qui propose des portraits intimes d\u2019individus qui dansent en toute libert\u00e9, nous partagent leurs histoires et leurs univers. L\u2019expression du corps, sa place et ses codes refl\u00e8tent un certain \u00e9tat de la soci\u00e9t\u00e9. Nous proposons un regard immersif dans la culture s\u00e9n\u00e9galaise, \u00e0 travers un spectre de danse, de musique, de spiritualit\u00e9, de convivialit\u00e9. <br \/><\/span><\/p>\n<p><span style=%22font-size: small;%22>Ce film refl\u00e8te la beaut\u00e9 et l\u2019\u00e9nergie des moments dans\u00e9s, il r\u00e9v\u00e8le cet instant pr\u00e9cieux o\u00f9 le mouvement est stimul\u00e9 par l\u2019instinct, l\u2019identit\u00e9, la connexion \u00e0 soi et aux autres, l\u2019\u00e9vasion\u2026 Quelle est la source de cette force qui les appelle \u00e0 se mettre en mouvement ?<\/span><\/p>\n<p><span style=%22font-size: small;%22><span><strong>80 minutes, version fran\u00e7aise.<br \/>D\u00e8s 19:30, accueil avec bar et petits plats au Cin\u00e9ma Utopia.<\/strong><\/span><\/span><\/p>\n<p><span style=%22font-size: small; color: #ff1d25;%22>Billetterie sur place<\/span><\/p>\n<p><span style=%22font-size: medium; color: #ff1d25;%22><span style=%22font-size: medium;%22><strong>Dimanche 8 d\u00e9cembre, 20:00 + \u00e9change<br \/>Cin\u00e9ma Utopia <\/strong><\/span><\/span><\/p>\n<p><em><\/em><\/p>\n<p>&#8221; content_phone=&#8221;<\/p>\n<h3><a href=%22https:\/\/caminaktion.eu\/wp-content\/uploads\/2024\/11\/Khoudia.jpeg%22><img alt=\"\" alt=\"\" src=%22https:\/\/caminaktion.eu\/wp-content\/uploads\/2024\/11\/Khoudia-300x300.jpeg%22 width=%22380%22 height=%22380%22 alt=%22%22 class=%22wp-image-43731 alignnone size-medium%22 \/><\/a><\/h3>\n<h3><strong><i>L&#8217;appel \u00e0 la danse au S\u00e9n\u00e9gal<\/i><\/strong><\/h3>\n<h3><strong>Un film de Diane Fardoun<\/strong><\/h3>\n<h4><span style=%22color: #ff1d25;%22><b>Film documentaire (S\u00e9n\u00e9gal, 2017)<\/b><\/span><\/h4>\n<p><span style=%22font-size: small;%22><em>L\u2019Appel \u00e0 la Danse au S\u00e9n\u00e9gal<\/em> est un documentaire de cr\u00e9ation qui propose des portraits intimes d\u2019individus qui dansent en toute libert\u00e9, nous partagent leurs histoires et leurs univers. L\u2019expression du corps, sa place et ses codes refl\u00e8tent un certain \u00e9tat de la soci\u00e9t\u00e9. Nous proposons un regard immersif dans la culture s\u00e9n\u00e9galaise, \u00e0 travers un spectre de danse, de musique, de spiritualit\u00e9, de convivialit\u00e9. <br \/><\/span><\/p>\n<p><span style=%22font-size: small;%22>Ce film refl\u00e8te la beaut\u00e9 et l\u2019\u00e9nergie des moments dans\u00e9s, il r\u00e9v\u00e8le cet instant pr\u00e9cieux o\u00f9 le mouvement est stimul\u00e9 par l\u2019instinct, l\u2019identit\u00e9, la connexion \u00e0 soi et aux autres, l\u2019\u00e9vasion\u2026 Quelle est la source de cette force qui les appelle \u00e0 se mettre en mouvement ?<\/span><\/p>\n<p><span style=%22font-size: small;%22><span><strong>80 minutes, version fran\u00e7aise.<br \/>D\u00e8s 19:30, accueil avec bar et petits plats au Cin\u00e9ma Utopia.<\/strong><\/span><\/span><\/p>\n<p><span style=%22font-size: small; color: #ff1d25;%22>Billetterie sur place<\/span><\/p>\n<p><span style=%22font-size: medium; color: #ff1d25;%22><span style=%22font-size: medium;%22><strong>Dimanche 8 d\u00e9cembre, 20:00 + \u00e9change<br \/>Cin\u00e9ma Utopia <\/strong><\/span><\/span><\/p>\n<p><em><\/em><\/p>\n<p>&#8221; content_last_edited=&#8221;on|desktop&#8221; _builder_version=&#8221;4.27.3&#8243; _module_preset=&#8221;default&#8221; text_line_height=&#8221;1em&#8221; custom_padding=&#8221;5px|5px|5px|5px|false|false&#8221; link_option_url=&#8221;https:\/\/caminaktion.eu\/en\/hypeocc-appel&#8221; border_width_all=&#8221;1px&#8221; border_color_all=&#8221;#FF1D25&#8243; box_shadow_style=&#8221;preset1&#8243; global_colors_info=&#8221;{}&#8221; box_shadow_horizontal__hover_enabled=&#8221;on|hover&#8221; box_shadow_horizontal__hover=&#8221;30px&#8221; transform_styles__hover_enabled=&#8221;on|hover&#8221; transform_scale__hover_enabled=&#8221;on|hover&#8221; transform_translate__hover_enabled=&#8221;on|hover&#8221; transform_rotate__hover_enabled=&#8221;on|hover&#8221; transform_skew__hover_enabled=&#8221;on|hover&#8221; transform_origin__hover_enabled=&#8221;on|hover&#8221; transform_scale__hover=&#8221;105%|105%&#8221;]<\/p>\n<h3><a href=\"https:\/\/caminaktion.eu\/en\/hypeocc-appel\"><img alt=\"\" alt=\"\" loading=\"lazy\" decoding=\"async\" src=\"https:\/\/caminaktion.eu\/wp-content\/uploads\/2024\/11\/Khoudia-300x300.jpeg\" width=\"380\" height=\"380\" alt=\"\" class=\"wp-image-43731 alignnone size-medium\" srcset=\"https:\/\/caminaktion.eu\/wp-content\/uploads\/2024\/11\/Khoudia-300x300.jpeg 300w, https:\/\/caminaktion.eu\/wp-content\/uploads\/2024\/11\/Khoudia-150x150.jpeg 150w, https:\/\/caminaktion.eu\/wp-content\/uploads\/2024\/11\/Khoudia.jpeg 340w\" sizes=\"(max-width: 380px) 100vw, 380px\" \/><\/a><\/h3>\n<h3><strong><i>The Call to Dance in Senegal<\/i><\/strong><\/h3>\n<h3><strong>A film by Diane Fardoun<\/strong><\/h3>\n<h4><span style=\"color: #ff1d25;\"><b>Documentary film (Senegal, 2017)<\/b><\/span><\/h4>\n<p><span style=\"font-size: small;\"><em>The Call to Dance in Senegal<\/em><span> is a creative documentary that offers intimate portraits of individuals who dance freely, sharing their stories and their worlds with us. The expression of the body, its place and its codes, reflect a certain state of society. We offer an immersive look into Senegalese culture, through a spectrum of dance, music, spirituality, and conviviality.<\/span><br \/><span><\/span><\/span><\/p>\n<p><span style=\"font-size: small;\"><span>This film showcases the beauty and energy of danced moments, revealing that precious instant when movement is driven by instinct, identity, connection to oneself and others, and escape. What is the source of this force that calls them to move?<\/span><\/span><\/p>\n<p><span style=\"font-size: small;\"><span><strong>80 minutes, French version.<br \/><\/strong><\/span><\/span><\/p>\n<p><span style=\"font-size: small;\"><span><strong>Up from 7:30 PM, the bar at the Utopia Cinema is open for drinks and small dishes.<br \/><\/strong><\/span><\/span><\/p>\n<p><strong style=\"font-size: medium; color: #ff1d25;\">Sunday, December 8 &#8211; 8 PM + discussion<\/strong><\/p>\n<p><span style=\"font-size: medium; color: #ff1d25;\"><span style=\"font-size: medium;\"><strong>Cin\u00e9ma Utopia\u00a0<\/strong><\/span><\/span><em><\/em><span style=\"font-size: medium; color: #ff1d25;\"><span style=\"font-size: medium;\"><strong><\/strong><\/span><\/span><\/p>\n<p><span style=\"font-size: medium; color: #ff1d25;\"><span style=\"font-size: medium;\"><strong><img alt=\"\" alt=\"\" loading=\"lazy\" decoding=\"async\" src=\"https:\/\/caminaktion.eu\/wp-content\/uploads\/2024\/11\/PMR-dynamique-noir.png\" width=\"26\" height=\"225\" alt=\"\" class=\"wp-image-43996 alignnone size-full\" \/><\/strong><\/span><\/span><\/p>\n<p><span style=\"font-size: medium; color: #ff1d25;\"><span style=\"font-size: medium;\"><strong><\/strong><\/span><\/span><\/p>\n<p>[\/et_pb_text][\/et_pb_column][et_pb_column type=&#8221;1_3&#8243; _builder_version=&#8221;4.21.0&#8243; _module_preset=&#8221;default&#8221; global_colors_info=&#8221;{}&#8221;][et_pb_text content_tablet=&#8221;<\/p>\n<h3><a href=%22https:\/\/caminaktion.eu\/en\/hypeocc-siaka%22><img alt=\"\" alt=\"\" src=%22https:\/\/caminaktion.eu\/wp-content\/uploads\/2024\/11\/IMG_0293-carre-300x300.jpg%22 width=%22381%22 height=%22381%22 alt=%22%22 class=%22wp-image-43713 alignnone size-medium%22 \/><\/a><\/h3>\n<h3><strong>Dance workshop<\/strong><\/h3>\n<h3><strong style=%22font-size: 20px;%22>Siaka Coulibaly<\/strong><\/h3>\n<h4><span style=%22color: #ff1d25;%22><span style=%22caret-color: #ff1d25;%22><b>Afro-Urban dances<\/b><\/span><\/span><\/h4>\n<p><span style=%22font-size: small;%22><span style=%22font-size: small;%22><span>Hiphop has its roots in the cultures of Africa and its diaspora. In turn, it has inspired new forms and expressions on the continent. <\/span><\/span><\/span><\/p>\n<p><span style=%22font-size: small;%22><span style=%22font-size: small;%22><span>This back-and-forth movement reflects the richness of dances and arts that circulate freely, fostering a beneficial cross-pollination. <\/span><\/span><\/span><\/p>\n<p><span style=%22font-size: small;%22><span style=%22font-size: small;%22><span>Today, Afro-urban dances are the most danced styles worldwide!<\/span><\/span><\/span><\/p>\n<p><span style=%22font-size: small;%22><strong>Level: beginner\/intermediate.<\/strong><br \/><strong><span style=%22font-size: small;%22>Age: children from 10 years old, teens, adults, seniors<\/span><\/strong><\/span><span style=%22font-size: small;%22><strong><span style=%22font-size: small;%22><\/span><\/strong><\/span><\/p>\n<p><span style=%22font-size: small; color: #ff1d25;%22><span style=%22font-size: small;%22><span style=%22font-size: medium;%22><strong><span style=%22font-size: medium;%22>Sunday, December 8, 10 AM &#8211; 11:30 AM<br \/>Halle Tropisme<\/span><\/strong><span style=%22font-size: medium;%22> (La Menuiserie)<\/span><strong><span style=%22font-size: medium;%22><br \/><\/span><\/strong><\/span><\/span><\/span><\/p>\n<p><span style=%22font-size: small; color: #ff1d25;%22><span style=%22font-size: small;%22><span style=%22font-size: medium;%22><span style=%22font-size: medium;%22><img alt=\"\" alt=\"\" src=%22https:\/\/caminaktion.eu\/wp-content\/uploads\/2024\/11\/PMR-dynamique-noir.png%22 width=%2226%22 height=%22225%22 alt=%22%22 class=%22wp-image-43996 alignnone size-full%22 \/><\/span><\/span><\/span><\/span><\/p>\n<p><span style=%22font-size: small; color: #ff1d25;%22><span style=%22font-size: small;%22><span style=%22font-size: medium;%22><strong><span style=%22font-size: medium;%22><span style=%22font-size: medium;%22><\/span><\/span><\/strong><\/span><\/span><\/span><\/p>\n<p>&#8221; content_phone=&#8221;<\/p>\n<h3><a href=%22https:\/\/caminaktion.eu\/en\/hypeocc-siaka%22><img alt=\"\" alt=\"\" src=%22https:\/\/caminaktion.eu\/wp-content\/uploads\/2024\/11\/IMG_0293-carre-300x300.jpg%22 width=%22381%22 height=%22381%22 alt=%22%22 class=%22wp-image-43713 alignnone size-medium%22 \/><\/a><\/h3>\n<h3><strong>Dance workshop<\/strong><\/h3>\n<h3><strong style=%22font-size: 20px;%22>Siaka Coulibaly<\/strong><\/h3>\n<h4><span style=%22color: #ff1d25;%22><span style=%22caret-color: #ff1d25;%22><b>Afro-Urban dances<\/b><\/span><\/span><\/h4>\n<p><span style=%22font-size: small;%22><span style=%22font-size: small;%22><span>Hiphop has its roots in the cultures of Africa and its diaspora. In turn, it has inspired new forms and expressions on the continent. <\/span><\/span><\/span><\/p>\n<p><span style=%22font-size: small;%22><span style=%22font-size: small;%22><span>This back-and-forth movement reflects the richness of dances and arts that circulate freely, fostering a beneficial cross-pollination. <\/span><\/span><\/span><\/p>\n<p><span style=%22font-size: small;%22><span style=%22font-size: small;%22><span>Today, Afro-urban dances are the most danced styles worldwide!<\/span><\/span><\/span><\/p>\n<p><span style=%22font-size: small;%22><strong>Level: beginner\/intermediate.<\/strong><br \/><strong><span style=%22font-size: small;%22>Age: children from 10 years old, teens, adults, seniors<\/span><\/strong><\/span><span style=%22font-size: small;%22><strong><span style=%22font-size: small;%22><\/span><\/strong><\/span><\/p>\n<p><span style=%22font-size: small; color: #ff1d25;%22><span style=%22font-size: small;%22><span style=%22font-size: medium;%22><strong><span style=%22font-size: medium;%22>Sunday, December 8, 10 AM &#8211; 11:30 AM<br \/>Halle Tropisme<\/span><\/strong><span style=%22font-size: medium;%22> (La Menuiserie)<\/span><strong><span style=%22font-size: medium;%22><br \/><\/span><\/strong><\/span><\/span><\/span><\/p>\n<p><span style=%22font-size: small; color: #ff1d25;%22><span style=%22font-size: small;%22><span style=%22font-size: medium;%22><span style=%22font-size: medium;%22><img alt=\"\" alt=\"\" src=%22https:\/\/caminaktion.eu\/wp-content\/uploads\/2024\/11\/PMR-dynamique-noir.png%22 width=%2226%22 height=%22225%22 alt=%22%22 class=%22wp-image-43996 alignnone size-full%22 \/><\/span><\/span><\/span><\/span><\/p>\n<p><span style=%22font-size: small; color: #ff1d25;%22><span style=%22font-size: small;%22><span style=%22font-size: medium;%22><strong><span style=%22font-size: medium;%22><span style=%22font-size: medium;%22><\/span><\/span><\/strong><\/span><\/span><\/span><\/p>\n<p>&#8221; content_last_edited=&#8221;on|phone&#8221; _builder_version=&#8221;4.27.3&#8243; _module_preset=&#8221;default&#8221; text_line_height=&#8221;1em&#8221; background_color=&#8221;#F9F5A4&#8243; custom_padding=&#8221;5px|5px|5px|5px|false|false&#8221; link_option_url=&#8221;https:\/\/caminaktion.eu\/en\/hypeocc-siaka&#8221; border_width_all=&#8221;1px&#8221; border_color_all=&#8221;#FF1D25&#8243; box_shadow_style=&#8221;preset1&#8243; global_colors_info=&#8221;{}&#8221; box_shadow_horizontal__hover_enabled=&#8221;on|hover&#8221; box_shadow_horizontal__hover=&#8221;30px&#8221; transform_styles__hover_enabled=&#8221;on|hover&#8221; transform_scale__hover_enabled=&#8221;on|hover&#8221; transform_translate__hover_enabled=&#8221;on|hover&#8221; transform_rotate__hover_enabled=&#8221;on|hover&#8221; transform_skew__hover_enabled=&#8221;on|hover&#8221; transform_origin__hover_enabled=&#8221;on|hover&#8221; transform_scale__hover=&#8221;105%|105%&#8221;]<\/p>\n<h3><a href=\"https:\/\/caminaktion.eu\/en\/hypeocc-siaka\"><img alt=\"\" alt=\"\" loading=\"lazy\" decoding=\"async\" src=\"https:\/\/caminaktion.eu\/wp-content\/uploads\/2024\/11\/IMG_0293-carre-300x300.jpg\" width=\"381\" height=\"381\" alt=\"\" class=\"wp-image-43713 alignnone size-medium\" \/><\/a><\/h3>\n<h3><strong>Dance workshop<\/strong><\/h3>\n<h3><strong style=\"font-size: 20px;\">Siaka Coulibaly<\/strong><\/h3>\n<h4><span style=\"color: #ff1d25;\"><span style=\"caret-color: #ff1d25;\"><b>Afro-Urban dances<\/b><\/span><\/span><\/h4>\n<p><span style=\"font-size: small;\"><span style=\"font-size: small;\"><span>Hiphop has its roots in the cultures of Africa and its diaspora. In turn, it has inspired new forms and expressions on the continent. <\/span><\/span><\/span><\/p>\n<p><span style=\"font-size: small;\"><span style=\"font-size: small;\"><span>This back-and-forth movement reflects the richness of dances and arts that circulate freely, fostering a beneficial cross-pollination. <\/span><\/span><\/span><\/p>\n<p><span style=\"font-size: small;\"><span style=\"font-size: small;\"><span>Today, Afro-urban dances are the most danced styles worldwide!<\/span><\/span><\/span><\/p>\n<p><span style=\"font-size: small;\"><strong>Level: beginner\/intermediate.<\/strong><br \/><strong><span style=\"font-size: small;\">Age: children from 10 years old, teens, adults, seniors<\/span><\/strong><\/span><span style=\"font-size: small;\"><strong><span style=\"font-size: small;\"><\/span><\/strong><\/span><\/p>\n<p><span style=\"font-size: small; color: #ff1d25;\"><span style=\"font-size: small;\"><span style=\"font-size: medium;\"><strong><span style=\"font-size: medium;\">Sunday, December 8 &#8211; 10 AM &#8211; 11:30 AM<br \/>Halle Tropisme<\/span><\/strong><span style=\"font-size: medium;\"> (La Menuiserie)<\/span><strong><span style=\"font-size: medium;\"><br \/><\/span><\/strong><\/span><\/span><\/span><\/p>\n<p><span style=\"font-size: small; color: #ff1d25;\"><span style=\"font-size: small;\"><span style=\"font-size: medium;\"><span style=\"font-size: medium;\"><img alt=\"\" alt=\"\" loading=\"lazy\" decoding=\"async\" src=\"https:\/\/caminaktion.eu\/wp-content\/uploads\/2024\/11\/PMR-dynamique-noir.png\" width=\"26\" height=\"225\" alt=\"\" class=\"wp-image-43996 alignnone size-full\" \/><\/span><\/span><\/span><\/span><\/p>\n<p><span style=\"font-size: small; color: #ff1d25;\"><span style=\"font-size: small;\"><span style=\"font-size: medium;\"><strong><span style=\"font-size: medium;\"><span style=\"font-size: medium;\"><\/span><\/span><\/strong><\/span><\/span><\/span><\/p>\n<p>[\/et_pb_text][\/et_pb_column][et_pb_column type=&#8221;1_3&#8243; _builder_version=&#8221;4.21.0&#8243; _module_preset=&#8221;default&#8221; global_colors_info=&#8221;{}&#8221;][et_pb_text content_tablet=&#8221;<\/p>\n<h3><a href=%22https:\/\/caminaktion.eu\/wp-content\/uploads\/2024\/11\/@le_shoooters-@also_hyx-carre.jpg%22><\/a><a href=%22https:\/\/caminaktion.eu\/en\/hypeocc-gamal%22><img alt=\"\" alt=\"\" src=%22https:\/\/caminaktion.eu\/wp-content\/uploads\/2024\/10\/\u00a9-Tony-Noel-image-carre-300x300.jpeg%22 width=%22381%22 height=%22381%22 alt=%22%22 class=%22wp-image-43649 alignnone size-medium%22 \/><\/a><a href=%22https:\/\/caminaktion.eu\/wp-content\/uploads\/2024\/11\/@le_shoooters-@also_hyx-carre.jpg%22><\/a><\/h3>\n<h3><strong>Dance masterclass<\/strong><\/h3>\n<h3><strong style=%22font-size: 20px;%22>Les Gamal<\/strong><\/h3>\n<h4><span style=%22color: #ff1d25;%22><span style=%22caret-color: #ff1d25;%22><b><strong><span lang=%22EN-US%22>HipHop New Style: flow &#038; freestyle!<\/span><\/strong><\/b><\/span><\/span><\/h4>\n<p><span style=%22font-size: small;%22><span>With over 80 victories to their name, including multiple first-place awards in national and European academic competitions, as well as awards in highly popular choreographic competitions and freestyle battles, Les Gamal have been at the forefront of the national and international hip hop dance scene since 2016. <\/span><\/span><\/p>\n<p><span style=%22font-size: small;%22><span>This year, by reaching the TOP 8 of %22Juste Debout%22 and the TOP 4 of %22Snipes Beyond Doubt,%22 the duo demonstrated their ability to excel in both freestyle competition and choreographic creation.<\/span><\/span><\/p>\n<p><span style=%22font-size: small;%22><strong>Level: intermediate\/advanced.<\/strong><br \/><strong>Age: teens, adults, seniors<\/strong><\/span><\/p>\n<p><span style=%22font-size: small; color: #ff1d25;%22><span style=%22font-size: small;%22><span style=%22font-size: medium;%22><strong><span style=%22font-size: medium;%22>Sunday, December 8, 11:30AM &#8211; 1 PM<br \/><span style=%22font-size: medium;%22> Halle Tropisme<\/span><\/span><\/strong><span style=%22font-size: medium;%22><span style=%22font-size: medium;%22> (La Menuiserie)<\/span><\/span><\/span><\/span><\/span><\/p>\n<p><span style=%22font-size: small; color: #ff1d25;%22><span style=%22font-size: small;%22><span style=%22font-size: medium;%22><strong><span style=%22font-size: medium;%22><span style=%22font-size: medium;%22><\/span><\/span><\/strong><\/span><\/span><\/span><\/p>\n<p>&#8221; content_phone=&#8221;<\/p>\n<h3><a href=%22https:\/\/caminaktion.eu\/wp-content\/uploads\/2024\/11\/@le_shoooters-@also_hyx-carre.jpg%22><\/a><a href=%22https:\/\/caminaktion.eu\/en\/hypeocc-gamal%22><img alt=\"\" alt=\"\" src=%22https:\/\/caminaktion.eu\/wp-content\/uploads\/2024\/10\/\u00a9-Tony-Noel-image-carre-300x300.jpeg%22 width=%22381%22 height=%22381%22 alt=%22%22 class=%22wp-image-43649 alignnone size-medium%22 \/><\/a><a href=%22https:\/\/caminaktion.eu\/wp-content\/uploads\/2024\/11\/@le_shoooters-@also_hyx-carre.jpg%22><\/a><\/h3>\n<h3><strong>Dance masterclass<\/strong><\/h3>\n<h3><strong style=%22font-size: 20px;%22>Les Gamal<\/strong><\/h3>\n<h4><span style=%22color: #ff1d25;%22><span style=%22caret-color: #ff1d25;%22><b><strong><span lang=%22EN-US%22>HipHop New Style: flow &#038; freestyle!<\/span><\/strong><\/b><\/span><\/span><\/h4>\n<p><span style=%22font-size: small;%22><span>With over 80 victories to their name, including multiple first-place awards in national and European academic competitions, as well as awards in highly popular choreographic competitions and freestyle battles, Les Gamal have been at the forefront of the national and international hip hop dance scene since 2016. <\/span><\/span><\/p>\n<p><span style=%22font-size: small;%22><span>This year, by reaching the TOP 8 of %22Juste Debout%22 and the TOP 4 of %22Snipes Beyond Doubt,%22 the duo demonstrated their ability to excel in both freestyle competition and choreographic creation.<\/span><\/span><\/p>\n<p><span style=%22font-size: small;%22><strong>Level: intermediate\/advanced.<\/strong><br \/><strong>Age: teens, adults, seniors<\/strong><\/span><\/p>\n<p><span style=%22font-size: small; color: #ff1d25;%22><span style=%22font-size: small;%22><span style=%22font-size: medium;%22><strong><span style=%22font-size: medium;%22>Sunday, December 8, 11:30AM &#8211; 1 PM<br \/><span style=%22font-size: medium;%22> Halle Tropisme<\/span><\/span><\/strong><span style=%22font-size: medium;%22><span style=%22font-size: medium;%22> (La Menuiserie)<\/span><\/span><\/span><\/span><\/span><\/p>\n<p><span style=%22font-size: small; color: #ff1d25;%22><span style=%22font-size: small;%22><span style=%22font-size: medium;%22><strong><span style=%22font-size: medium;%22><span style=%22font-size: medium;%22><\/span><\/span><\/strong><\/span><\/span><\/span><\/p>\n<p>&#8221; content_last_edited=&#8221;on|phone&#8221; _builder_version=&#8221;4.27.3&#8243; _module_preset=&#8221;default&#8221; text_line_height=&#8221;1em&#8221; background_color=&#8221;#F9F5A4&#8243; custom_padding=&#8221;5px|5px|5px|5px|false|false&#8221; link_option_url=&#8221;https:\/\/caminaktion.eu\/en\/hypeocc-gamal&#8221; border_width_all=&#8221;1px&#8221; border_color_all=&#8221;#FF1D25&#8243; box_shadow_style=&#8221;preset1&#8243; global_colors_info=&#8221;{}&#8221; box_shadow_horizontal__hover_enabled=&#8221;on|hover&#8221; box_shadow_horizontal__hover=&#8221;30px&#8221; transform_styles__hover_enabled=&#8221;on|hover&#8221; transform_scale__hover_enabled=&#8221;on|hover&#8221; transform_translate__hover_enabled=&#8221;on|hover&#8221; transform_rotate__hover_enabled=&#8221;on|hover&#8221; transform_skew__hover_enabled=&#8221;on|hover&#8221; transform_origin__hover_enabled=&#8221;on|hover&#8221; transform_scale__hover=&#8221;105%|105%&#8221; content__hover_enabled=&#8221;off|desktop&#8221;]<\/p>\n<h3><a href=\"https:\/\/caminaktion.eu\/wp-content\/uploads\/2024\/11\/@le_shoooters-@also_hyx-carre.jpg\"><\/a><a href=\"https:\/\/caminaktion.eu\/en\/hypeocc-gamal\"><img alt=\"\" alt=\"\" loading=\"lazy\" decoding=\"async\" src=\"https:\/\/caminaktion.eu\/wp-content\/uploads\/2024\/10\/\u00a9-Tony-Noel-image-carre-300x300.jpeg\" width=\"381\" height=\"381\" alt=\"\" class=\"wp-image-43649 alignnone size-medium\" srcset=\"https:\/\/caminaktion.eu\/wp-content\/uploads\/2024\/10\/\u00a9-Tony-Noel-image-carre-300x300.jpeg 300w, https:\/\/caminaktion.eu\/wp-content\/uploads\/2024\/10\/\u00a9-Tony-Noel-image-carre-150x150.jpeg 150w, https:\/\/caminaktion.eu\/wp-content\/uploads\/2024\/10\/\u00a9-Tony-Noel-image-carre-480x480.jpeg 480w, https:\/\/caminaktion.eu\/wp-content\/uploads\/2024\/10\/\u00a9-Tony-Noel-image-carre.jpeg 640w\" sizes=\"(max-width: 381px) 100vw, 381px\" \/><\/a><a href=\"https:\/\/caminaktion.eu\/wp-content\/uploads\/2024\/11\/@le_shoooters-@also_hyx-carre.jpg\"><\/a><\/h3>\n<h3><strong>Dance masterclass<\/strong><\/h3>\n<h3><strong style=\"font-size: 20px;\">Les Gamal<\/strong><\/h3>\n<h4><span style=\"color: #ff1d25;\"><span style=\"caret-color: #ff1d25;\"><b><strong><span lang=\"EN-US\">HipHop New Style: flow &amp; freestyle!<\/span><\/strong><\/b><\/span><\/span><\/h4>\n<p><span style=\"font-size: small;\"><span>With over 80 victories to their name, including multiple first-place awards in national and European academic competitions, as well as awards in highly popular choreographic competitions and freestyle battles, Les Gamal have been at the forefront of the national and international hip hop dance scene since 2016. <\/span><\/span><\/p>\n<p><span style=\"font-size: small;\"><span>This year, by reaching the TOP 8 of &#8220;Juste Debout&#8221; and the TOP 4 of &#8220;Snipes Beyond Doubt,&#8221; the duo demonstrated their ability to excel in both freestyle competition and choreographic creation.<\/span><\/span><\/p>\n<p><span style=\"font-size: small;\"><strong>Level: intermediate\/advanced.<\/strong><br \/><strong>Age: teens, adults, seniors<\/strong><\/span><\/p>\n<p><span style=\"font-size: small; color: #ff1d25;\"><span style=\"font-size: small;\"><span style=\"font-size: medium;\"><strong><span style=\"font-size: medium;\">Sunday, December 8 &#8211; 11:30AM &#8211; 1 PM<br \/><span style=\"font-size: medium;\"> Halle Tropisme<\/span><\/span><\/strong><span style=\"font-size: medium;\"><span style=\"font-size: medium;\"> (La Menuiserie)<\/span><\/span><\/span><\/span><\/span><\/p>\n<p><span style=\"font-size: small; color: #ff1d25;\"><span style=\"font-size: small;\"><span style=\"font-size: medium;\"><strong><span style=\"font-size: medium;\"><span style=\"font-size: medium;\"><\/span><\/span><\/strong><\/span><\/span><\/span><\/p>\n<p>[\/et_pb_text][\/et_pb_column][\/et_pb_row][et_pb_row _builder_version=&#8221;4.23&#8243; _module_preset=&#8221;default&#8221; max_width=&#8221;1314px&#8221; custom_margin=&#8221;50px||||false|false&#8221; global_colors_info=&#8221;{}&#8221;][et_pb_column type=&#8221;4_4&#8243; _builder_version=&#8221;4.21.0&#8243; _module_preset=&#8221;default&#8221; global_colors_info=&#8221;{}&#8221;][et_pb_text content_tablet=&#8221;<\/p>\n<p style=%22text-align: left;%22><span style=%22font-size: x-small;%22><strong>Cr\u00e9dits<\/strong> <strong>photos<\/strong> : Rencontre professionnelle \u00a9 Dirk Korell | Dans6T \u00a9 Pamela Perschke &#8211; L&#8217;Estive sc\u00e8ne nationale de Foix et de l&#8217;Ari\u00e8ge | Danses urbaines 2.0 : photo de gauche \u00a9 Clem Onojeghuo sur Unsplash &#8211; photo de droite @ Random Institute sur Unsplash | Virgile Dagneaux \u00a9 lucasIanelli | Les Gamal <em>Flux Sanguin<\/em> \u00a9 Morgan Eloy | <em>L&#8217;appel \u00e0 la danse au S\u00e9n\u00e9gal<\/em> Screenshot \u00a9 Diane Fardoun | Workshop Siaka Coulibaly \u00a9 Dirk Korell | Workshop Les Gamal \u00a9 Tony No\u00ebl<\/span><\/p>\n<p style=%22text-align: left;%22><span style=%22font-size: x-small;%22><strong>art<\/strong> <strong>design<\/strong> : agence entre\/autre<\/span><\/p>\n<p>&#8221; content_phone=&#8221;<\/p>\n<p style=%22text-align: left;%22><span style=%22font-size: x-small;%22><strong>Cr\u00e9dits<\/strong> <strong>photos<\/strong> : Rencontre professionnelle \u00a9 Dirk Korell | Dans6T \u00a9 Pamela Perschke &#8211; L&#8217;Estive sc\u00e8ne nationale de Foix et de l&#8217;Ari\u00e8ge | Danses urbaines 2.0 : photo de gauche \u00a9 Clem Onojeghuo sur Unsplash &#8211; photo de droite @ Random Institute sur Unsplash | Virgile Dagneaux \u00a9 lucasIanelli | Les Gamal <em>Flux Sanguin<\/em> \u00a9 Morgan Eloy | <em>L&#8217;appel \u00e0 la danse au S\u00e9n\u00e9gal<\/em> Screenshot \u00a9 Diane Fardoun | Workshop Siaka Coulibaly \u00a9 Dirk Korell | Workshop Les Gamal \u00a9 Tony No\u00ebl<\/span><\/p>\n<p style=%22text-align: left;%22><span style=%22font-size: x-small;%22><strong>art<\/strong> <strong>design<\/strong> : agence entre\/autre<\/span><\/p>\n<p>&#8221; content_last_edited=&#8221;on|phone&#8221; _builder_version=&#8221;4.27.3&#8243; _module_preset=&#8221;default&#8221; custom_margin=&#8221;0px||||false|false&#8221; custom_padding=&#8221;||32px|||&#8221; global_colors_info=&#8221;{}&#8221;]<\/p>\n<p style=\"text-align: left;\"><span style=\"font-size: x-small;\"><strong>\u00a9 photos<\/strong> : Professional encounter \u00a9 Dirk Korell | Dans6T \u00a9 Pamela Perschke &#8211; L&#8217;Estive sc\u00e8ne nationale de Foix et de l&#8217;Ari\u00e8ge | Urban Dances 2.0 : left \u00a9 Clem Onojeghuo on Unsplash &#8211; right @ Random Institute on Unsplash | Virgile Dagneaux \u00a9 lucasIanelli | Les Gamal <em>Flux Sanguin<\/em> \u00a9 Morgan Eloy | <em>The Call to Dance in Senegal<\/em> Screenshot \u00a9 Diane Fardoun | Workshop Siaka Coulibaly \u00a9 Dirk Korell | Masterclass Les Gamal \u00a9 Tony No\u00ebl<\/span><\/p>\n<p style=\"text-align: left;\"><span style=\"font-size: x-small;\"><strong>art<\/strong> <strong>design<\/strong> : agence entre\/autre<\/span><\/p>\n<p>[\/et_pb_text][\/et_pb_column][\/et_pb_row][\/et_pb_section]<\/p>\n","protected":false},"excerpt":{"rendered":"<p>HYPE OCC: a celebration of dances stemming from the hiphop culture in all its forms. Welcome to the second edition, curated by camin aktion.<\/p>\n","protected":false},"author":1,"featured_media":44550,"parent":0,"menu_order":0,"comment_status":"closed","ping_status":"closed","template":"","meta":{"_seopress_robots_primary_cat":"","_seopress_titles_title":"HYPE OCC - Program","_seopress_titles_desc":"HYPE OCC: a celebration of dances stemming from the hiphop culture in all its forms. Welcome to the second edition, curated by camin aktion.","_seopress_robots_index":"","_et_pb_use_builder":"on","_et_pb_old_content":"","_et_gb_content_width":"","footnotes":""},"class_list":["post-44548","page","type-page","status-publish","has-post-thumbnail","hentry"],"_links":{"self":[{"href":"https:\/\/caminaktion.eu\/en\/wp-json\/wp\/v2\/pages\/44548","targetHints":{"allow":["GET"]}}],"collection":[{"href":"https:\/\/caminaktion.eu\/en\/wp-json\/wp\/v2\/pages"}],"about":[{"href":"https:\/\/caminaktion.eu\/en\/wp-json\/wp\/v2\/types\/page"}],"author":[{"embeddable":true,"href":"https:\/\/caminaktion.eu\/en\/wp-json\/wp\/v2\/users\/1"}],"replies":[{"embeddable":true,"href":"https:\/\/caminaktion.eu\/en\/wp-json\/wp\/v2\/comments?post=44548"}],"version-history":[{"count":47,"href":"https:\/\/caminaktion.eu\/en\/wp-json\/wp\/v2\/pages\/44548\/revisions"}],"predecessor-version":[{"id":45804,"href":"https:\/\/caminaktion.eu\/en\/wp-json\/wp\/v2\/pages\/44548\/revisions\/45804"}],"wp:featuredmedia":[{"embeddable":true,"href":"https:\/\/caminaktion.eu\/en\/wp-json\/wp\/v2\/media\/44550"}],"wp:attachment":[{"href":"https:\/\/caminaktion.eu\/en\/wp-json\/wp\/v2\/media?parent=44548"}],"curies":[{"name":"wp","href":"https:\/\/api.w.org\/{rel}","templated":true}]}}