{"id":44486,"date":"2024-11-04T19:50:55","date_gmt":"2024-11-04T18:50:55","guid":{"rendered":"https:\/\/caminaktion.eu\/hypeocc-informations\/"},"modified":"2024-11-18T21:13:42","modified_gmt":"2024-11-18T20:13:42","slug":"hypeocc-information","status":"publish","type":"page","link":"https:\/\/caminaktion.eu\/en\/hypeocc-information\/","title":{"rendered":"HYPE OCC Information 2024"},"content":{"rendered":"<p>[et_pb_section fb_built=&#8221;1&#8243; _builder_version=&#8221;4.21.0&#8243; _module_preset=&#8221;default&#8221; global_colors_info=&#8221;{}&#8221;][et_pb_row _builder_version=&#8221;4.22.2&#8243; _module_preset=&#8221;default&#8221; width=&#8221;100%&#8221; max_width=&#8221;1349px&#8221; max_width_tablet=&#8221;1349px&#8221; max_width_phone=&#8221;1349px&#8221; max_width_last_edited=&#8221;on|desktop&#8221; global_colors_info=&#8221;{}&#8221;][et_pb_column type=&#8221;4_4&#8243; _builder_version=&#8221;4.21.0&#8243; _module_preset=&#8221;default&#8221; global_colors_info=&#8221;{}&#8221;][et_pb_image src=&#8221;https:\/\/caminaktion.eu\/wp-content\/uploads\/2023\/10\/HYPE-OCC-one-line.jpeg&#8221; title_text=&#8221;HYPE UP &#8211; recherches&#8221; _builder_version=&#8221;4.22.2&#8243; _module_preset=&#8221;default&#8221; global_colors_info=&#8221;{}&#8221;][\/et_pb_image][\/et_pb_column][\/et_pb_row][et_pb_row column_structure=&#8221;3_5,1_5,1_5&#8243; _builder_version=&#8221;4.23&#8243; _module_preset=&#8221;default&#8221; width=&#8221;100%&#8221; max_width=&#8221;1844px&#8221; custom_margin=&#8221;-30px||-50px||false|false&#8221; global_colors_info=&#8221;{}&#8221;][et_pb_column type=&#8221;3_5&#8243; _builder_version=&#8221;4.23&#8243; _module_preset=&#8221;default&#8221; global_colors_info=&#8221;{}&#8221;][\/et_pb_column][et_pb_column type=&#8221;1_5&#8243; _builder_version=&#8221;4.23&#8243; _module_preset=&#8221;default&#8221; global_colors_info=&#8221;{}&#8221;][\/et_pb_column][et_pb_column type=&#8221;1_5&#8243; _builder_version=&#8221;4.23&#8243; _module_preset=&#8221;default&#8221; global_colors_info=&#8221;{}&#8221;][\/et_pb_column][\/et_pb_row][et_pb_row _builder_version=&#8221;4.22.2&#8243; _module_preset=&#8221;default&#8221; width=&#8221;100%&#8221; max_width=&#8221;1349px&#8221; global_colors_info=&#8221;{}&#8221;][et_pb_column type=&#8221;4_4&#8243; _builder_version=&#8221;4.21.0&#8243; _module_preset=&#8221;default&#8221; global_colors_info=&#8221;{}&#8221;][et_pb_text _builder_version=&#8221;4.27.3&#8243; _module_preset=&#8221;default&#8221; border_radii=&#8221;on|1px|1px|1px|1px&#8221; border_width_all=&#8221;2px&#8221; border_color_all=&#8221;#ff1d25&#8243; global_colors_info=&#8221;{}&#8221;]<\/p>\n<p style=\"text-align: center;\"><span style=\"font-size: x-large;\"><strong>PRACTICAL INFORMATION<\/strong><\/span><\/p>\n<p>[\/et_pb_text][\/et_pb_column][\/et_pb_row][et_pb_row column_structure=&#8221;1_4,1_2,1_4&#8243; _builder_version=&#8221;4.27.3&#8243; _module_preset=&#8221;default&#8221; width=&#8221;100%&#8221; max_width=&#8221;1349px&#8221; custom_padding=&#8221;|10px|100px|10px|false|false&#8221; hover_enabled=&#8221;0&#8243; global_colors_info=&#8221;{}&#8221; sticky_enabled=&#8221;0&#8243;][et_pb_column type=&#8221;1_4&#8243; _builder_version=&#8221;4.21.0&#8243; _module_preset=&#8221;default&#8221; global_colors_info=&#8221;{}&#8221;][et_pb_text _builder_version=&#8221;4.27.3&#8243; _module_preset=&#8221;default&#8221; global_colors_info=&#8221;{}&#8221;]<\/p>\n<p style=\"text-align: left;\"><span style=\"font-size: x-large;\"><strong>BOX OFFICE<\/strong><\/span><span style=\"font-size: x-large;\"><strong><\/strong><\/span><\/p>\n<p>[\/et_pb_text][et_pb_text content_tablet=&#8221;<\/p>\n<p style=%22text-align: justify;%22><strong><span><span style=%22font-size: medium;%22>Ticket sales for the performances and workshops open on November 15. In the meantime, reserve your spot for the workshops by <a href=%22mailto:contact@caminaktion.eu%22>email<\/a> to guarantee your place.<\/span><\/span><\/strong><\/p>\n<p style=%22text-align: justify;%22><span><span style=%22font-size: medium;%22>The HYPE OCC festival is organized by the association camin aktion, which self-finances the event to a large extent.<\/span><\/span><\/p>\n<p style=%22text-align: justify;%22><span><span style=%22font-size: medium;%22>Ticket sales are therefore an important contribution to making this festival sustainable.<\/span><\/span><\/p>\n<p style=%22text-align: justify;%22><span><span style=%22font-size: medium;%22>In the spirit of sharing and accessibility for everyone, in line with our social commitments, we offer affordable prices with wide access to reduced rates.<\/span><\/span><\/p>\n<p style=%22text-align: justify;%22><span><span style=%22font-size: medium;%22>We also have a policy of inviting young people in precarious situations. For the Cin\u00e9ma Utopia screening, a solidarity ticket is available.<\/span><\/span><\/p>\n<p>&#8221; content_phone=&#8221;<\/p>\n<p style=%22text-align: justify;%22><strong><span><span style=%22font-size: medium;%22>Ticket sales for the performances and workshops open on November 15. In the meantime, reserve your spot for the workshops by <a href=%22mailto:contact@caminaktion.eu%22>email<\/a> to guarantee your place.<\/span><\/span><\/strong><\/p>\n<p style=%22text-align: justify;%22><span><span style=%22font-size: medium;%22>The HYPE OCC festival is organized by the association camin aktion, which self-finances the event to a large extent.<\/span><\/span><\/p>\n<p style=%22text-align: justify;%22><span><span style=%22font-size: medium;%22>Ticket sales are therefore an important contribution to making this festival sustainable.<\/span><\/span><\/p>\n<p style=%22text-align: justify;%22><span><span style=%22font-size: medium;%22>In the spirit of sharing and accessibility for everyone, in line with our social commitments, we offer affordable prices with wide access to reduced rates.<\/span><\/span><\/p>\n<p style=%22text-align: justify;%22><span><span style=%22font-size: medium;%22>We also have a policy of inviting young people in precarious situations. For the Cin\u00e9ma Utopia screening, a solidarity ticket is available.<\/span><\/span><\/p>\n<p>&#8221; content_last_edited=&#8221;on|phone&#8221; _builder_version=&#8221;4.27.3&#8243; _module_preset=&#8221;default&#8221; text_line_height=&#8221;1.2em&#8221; global_colors_info=&#8221;{}&#8221;]<\/p>\n<p style=\"text-align: justify;\"><strong><span><span style=\"font-size: medium;\">Ticket sales for the performances and workshops open on November 15. In the meantime, reserve your spot for the workshops by <a href=\"mailto:contact@caminaktion.eu\">email<\/a> to guarantee your place.<\/span><\/span><\/strong><\/p>\n<p style=\"text-align: justify;\"><span><span style=\"font-size: medium;\">The HYPE OCC festival is organized by the association camin aktion, which self-finances the event to a large extent.<\/span><\/span><\/p>\n<p style=\"text-align: justify;\"><span><span style=\"font-size: medium;\">Ticket sales are therefore an important contribution to making this festival sustainable.<\/span><\/span><\/p>\n<p style=\"text-align: justify;\"><span><span style=\"font-size: medium;\">In the spirit of sharing and accessibility for everyone, in line with our social commitments, we offer affordable prices with wide access to reduced rates.<\/span><\/span><\/p>\n<p style=\"text-align: justify;\"><span><span style=\"font-size: medium;\">We also have a policy of inviting young people in precarious situations. For the Cin\u00e9ma Utopia screening, a solidarity ticket is available.<\/span><\/span><\/p>\n<p>[\/et_pb_text][et_pb_text content_tablet=&#8221;<\/p>\n<p style=%22text-align: justify;%22><span style=%22font-size: medium;%22><span style=%22font-size: large;%22><strong><span style=%22color: #0a0101;%22>If you appreciate our actions, approach, and philosophy, you can support us with a donation, which is tax-deductible for tax payers in France.<\/span><\/strong><\/span><a href=%22https:\/\/caminaktion.eu\/en\/donation%22><span style=%22font-size: large;%22><strong><span style=%22color: #0a0101;%22><br \/><\/span><\/strong><\/span><\/a><\/span><\/p>\n<p style=%22text-align: justify;%22><span style=%22font-size: medium;%22><a href=%22https:\/\/caminaktion.eu\/en\/donations\/%22><span style=%22font-size: large;%22><strong><span style=%22text-decoration: underline;%22>For donations, please click here. <\/span><\/strong><\/span><\/a><\/span><\/p>\n<p style=%22text-align: justify;%22><span style=%22font-size: medium;%22><a href=%22https:\/\/caminaktion.eu\/en\/donation%22><span style=%22font-size: large;%22><strong>Thank you!<\/strong><\/span><\/a><\/span><\/p>\n<\/p>\n<p>&#8221; content_phone=&#8221;<\/p>\n<p style=%22text-align: justify;%22><span style=%22font-size: medium;%22><span style=%22font-size: large;%22><strong><span style=%22color: #0a0101;%22>If you appreciate our actions, approach, and philosophy, you can support us with a donation, which is tax-deductible for tax payers in France.<\/span><\/strong><\/span><a href=%22https:\/\/caminaktion.eu\/en\/donation%22><span style=%22font-size: large;%22><strong><span style=%22color: #0a0101;%22><br \/><\/span><\/strong><\/span><\/a><\/span><\/p>\n<p style=%22text-align: justify;%22><span style=%22font-size: medium;%22><a href=%22https:\/\/caminaktion.eu\/en\/donations\/%22><span style=%22font-size: large;%22><strong><span style=%22text-decoration: underline;%22>For donations, please click here. <\/span><\/strong><\/span><\/a><\/span><\/p>\n<p style=%22text-align: justify;%22><span style=%22font-size: medium;%22><a href=%22https:\/\/caminaktion.eu\/en\/donation%22><span style=%22font-size: large;%22><strong>Thank you!<\/strong><\/span><\/a><\/span><\/p>\n<\/p>\n<p>&#8221; content_last_edited=&#8221;on|phone&#8221; _builder_version=&#8221;4.27.3&#8243; _module_preset=&#8221;default&#8221; text_line_height=&#8221;1.2em&#8221; global_colors_info=&#8221;{}&#8221;]<\/p>\n<p style=\"text-align: justify;\"><span style=\"font-size: medium;\"><span style=\"font-size: large;\"><strong><span style=\"color: #0a0101;\"><span style=\"font-size: medium;\">If you appreciate our actions, approach, and philosophy, you can support us with a donation, which is tax-deductible for tax payers in France.<\/span><\/span><\/strong><\/span><a href=\"https:\/\/caminaktion.eu\/en\/donation\"><span style=\"font-size: large;\"><strong><span style=\"color: #0a0101;\"><br \/><\/span><\/strong><\/span><\/a><\/span><\/p>\n<p style=\"text-align: justify;\"><span style=\"font-size: medium;\"><a href=\"https:\/\/caminaktion.eu\/en\/donations\/\"><span style=\"font-size: large;\"><strong><span style=\"text-decoration: underline;\"><span style=\"font-size: medium;\">For donations, please click here.<\/span> <\/span><\/strong><\/span><\/a><\/span><\/p>\n<p style=\"text-align: justify;\"><span style=\"font-size: medium;\"><a href=\"https:\/\/caminaktion.eu\/en\/donation\"><span style=\"font-size: large;\"><strong><span style=\"font-size: medium;\">Thank you!<\/span><\/strong><\/span><\/a><\/span><\/p>\n<p>&nbsp;<\/p>\n<p>[\/et_pb_text][\/et_pb_column][et_pb_column type=&#8221;1_2&#8243; _builder_version=&#8221;4.21.0&#8243; _module_preset=&#8221;default&#8221; global_colors_info=&#8221;{}&#8221;][et_pb_text _builder_version=&#8221;4.27.3&#8243; _module_preset=&#8221;default&#8221; global_colors_info=&#8221;{}&#8221;]<\/p>\n<p style=\"text-align: left;\"><span style=\"font-size: x-large;\"><strong>THE FESTIVAL VENUES<\/strong><\/span><\/p>\n<p>[\/et_pb_text][et_pb_text _builder_version=&#8221;4.23&#8243; _module_preset=&#8221;default&#8221; text_line_height=&#8221;1.2em&#8221; global_colors_info=&#8221;{}&#8221;]<\/p>\n<p style=\"text-align: left;\"><span style=\"font-size: x-large; color: #ff1d25;\"><strong>Th\u00e9\u00e2tre d&#8217;O<\/strong><\/span><\/p>\n<p style=\"text-align: left;\"><strong><span style=\"font-size: large;\">Rond-Point du Ch\u00e2teau d&#8217;O &#8211; <\/span><\/strong><strong><span style=\"font-size: large;\">34090 Montpellier<\/span><\/strong><\/p>\n<p style=\"text-align: left;\"><span style=\"font-size: large;\">Tram N\u00b01, stop Ch\u00e2teau d&#8217;O<\/span><\/p>\n<p style=\"text-align: justify;\"><span style=\"font-size: medium; color: #ff1d25;\">Do not follow the directions for &#8220;Domaine d&#8217;O,&#8221; as you will need to turn back.<\/span><span style=\"font-size: large;\"><\/span><\/p>\n<p style=\"text-align: left;\"><span style=\"font-size: x-large;\"><\/span><\/p>\n<p>[\/et_pb_text][et_pb_map address=&#8221;Domaine D\u00e9partemental du Ch\u00e2teau d\u2019\u00d4, 982 Av. des Moulins, 34090 Montpellier, France&#8221; address_lat=&#8221;43.6318257&#8243; address_lng=&#8221;3.8413709&#8243; use_grayscale_filter=&#8221;on&#8221; grayscale_filter_amount=&#8221;49&#8243; _builder_version=&#8221;4.22.2&#8243; _module_preset=&#8221;default&#8221; global_colors_info=&#8221;{}&#8221;][et_pb_map_pin pin_address=&#8221;rond point du chateau d&#8217;eau, montpellier&#8221; _builder_version=&#8221;4.22.2&#8243; _module_preset=&#8221;default&#8221; global_colors_info=&#8221;{}&#8221;][\/et_pb_map_pin][et_pb_map_pin title=&#8221;Th\u00e9\u00e2tre d&#8217;\u00d4&#8221; pin_address=&#8221;domaine d\u00e9partemental du ch\u00e2teau d&#8217;\u00f4&#8221; _builder_version=&#8221;4.22.2&#8243; _module_preset=&#8221;default&#8221; global_colors_info=&#8221;{}&#8221;]Th\u00e9\u00e2tre d&#8217;\u00d4[\/et_pb_map_pin][\/et_pb_map][et_pb_text content_tablet=&#8221;<\/p>\n<p style=%22text-align: left;%22><span style=%22font-size: medium;%22><span>The theater is located in the southern part of Domaine d&#8217;O.<\/span><br \/><\/span><\/p>\n<p style=%22text-align: justify;%22><span style=%22font-size: medium;%22><span>We encourage you to use eco-friendly transport options. The tram line 1 stops right opposite the roundabout, at the Ch\u00e2teau d&#8217;O stop.<\/span><br \/><\/span><\/p>\n<p style=%22text-align: justify;%22><span style=%22font-size: medium;%22><span>If you&#8217;re coming by bike: there are bike lanes leading there, and bike racks are available in front of the theater. Plus, cold drinks await you at the bar!<\/span><br \/><\/span><\/p>\n<p style=%22text-align: justify;%22><span style=%22font-size: medium;%22><span>If you really need to drive, parking is available behind the theater, with access via the gate at the roundabout.<\/span><br \/><\/span><\/p>\n<p style=%22text-align: left;%22><span style=%22font-size: medium;%22>The Th\u00e9\u00e2tre d&#8217;O is accessible to people with reduced mobility.<\/span><\/p>\n<div class=%22mb-2 flex gap-3 empty:hidden -ml-2%22>\n<div class=%22items-center justify-start rounded-xl p-1 flex%22>\n<div class=%22flex items-center%22>\n<div class=%22flex items-center pb-0%22><\/div>\n<\/div>\n<\/div>\n<\/div>\n<p>&#8221; content_phone=&#8221;<\/p>\n<p style=%22text-align: left;%22><span style=%22font-size: medium;%22><span>The theater is located in the southern part of Domaine d&#8217;O.<\/span><br \/><\/span><\/p>\n<p style=%22text-align: justify;%22><span style=%22font-size: medium;%22><span>We encourage you to use eco-friendly transport options. The tram line 1 stops right opposite the roundabout, at the Ch\u00e2teau d&#8217;O stop.<\/span><br \/><\/span><\/p>\n<p style=%22text-align: justify;%22><span style=%22font-size: medium;%22><span>If you&#8217;re coming by bike: there are bike lanes leading there, and bike racks are available in front of the theater. Plus, cold drinks await you at the bar!<\/span><br \/><\/span><\/p>\n<p style=%22text-align: justify;%22><span style=%22font-size: medium;%22><span>If you really need to drive, parking is available behind the theater, with access via the gate at the roundabout.<\/span><br \/><\/span><\/p>\n<p style=%22text-align: left;%22><span style=%22font-size: medium;%22>The Th\u00e9\u00e2tre d&#8217;O is accessible to people with reduced mobility.<\/span><\/p>\n<p>&#8221; content_last_edited=&#8221;on|phone&#8221; _builder_version=&#8221;4.27.3&#8243; _module_preset=&#8221;default&#8221; text_line_height=&#8221;1.2em&#8221; global_colors_info=&#8221;{}&#8221;]<\/p>\n<p style=\"text-align: justify;\"><span style=\"font-size: medium;\"><span>The theater is located in the southern part of Domaine d&#8217;O.<\/span><br \/><\/span><\/p>\n<p style=\"text-align: justify;\"><span style=\"font-size: medium;\"><span>We encourage you to use eco-friendly transport options. The tram line 1 stops right opposite the roundabout, at the Ch\u00e2teau d&#8217;O stop.<\/span><br \/><\/span><\/p>\n<p style=\"text-align: justify;\"><span style=\"font-size: medium;\"><span>If you&#8217;re coming by bike: there are bike lanes leading there, and bike racks are available in front of the theater. Plus, cold drinks await you at the bar!<\/span><br \/><\/span><\/p>\n<p style=\"text-align: justify;\"><span style=\"font-size: medium;\"><span>If you really need to drive, we encourage carpooling. Parking is available behind the theater, with access via the gate at the roundabout.<\/span><br \/><\/span><\/p>\n<p style=\"text-align: justify;\"><span style=\"font-size: medium;\">The Th\u00e9\u00e2tre d&#8217;O is accessible to people with reduced mobility.<\/span><\/p>\n<div class=\"mb-2 flex gap-3 empty:hidden -ml-2\" style=\"text-align: justify;\">\n<div class=\"items-center justify-start rounded-xl p-1 flex\">\n<div class=\"flex items-center\">\n<p><span class=\"hidden\"><\/span><\/p>\n<div class=\"flex items-center pb-0\"><\/div>\n<\/div>\n<\/div>\n<\/div>\n<p>[\/et_pb_text][et_pb_text _builder_version=&#8221;4.27.2&#8243; _module_preset=&#8221;default&#8221; text_line_height=&#8221;1.2em&#8221; custom_margin=&#8221;100px||0px||false|false&#8221; global_colors_info=&#8221;{}&#8221;]<\/p>\n<p style=\"text-align: left;\"><span style=\"font-size: x-large; color: #ff1d25;\"><strong>Halle Tropisme<\/strong><\/span><\/p>\n<p style=\"text-align: left;\"><strong style=\"font-size: 20px;\"><span style=\"font-size: large;\">121 rue de Fontcouverte &#8211; <\/span><\/strong><strong style=\"font-size: 20px;\"><span style=\"font-size: large;\">34070 Montpellier<\/span><\/strong><\/p>\n<p style=\"text-align: left;\"><span style=\"font-size: large;\">Tram N\u00b03 stop Plan de Cabanes | <\/span><span style=\"font-size: large;\">Bus N\u00b0 11 stop Mas de Merle or Gouara\u00a0<\/span><\/p>\n<p style=\"text-align: left;\"><span style=\"font-size: x-large;\"><\/span><\/p>\n<p>[\/et_pb_text][et_pb_map address=&#8221;121 Rue de Font Couverte, 34070 Montpellier, France&#8221; zoom_level=&#8221;17&#8243; address_lat=&#8221;43.602701&#8243; address_lng=&#8221;3.858421&#8243; use_grayscale_filter=&#8221;on&#8221; grayscale_filter_amount=&#8221;49&#8243; _builder_version=&#8221;4.27.2&#8243; _module_preset=&#8221;default&#8221; global_colors_info=&#8221;{}&#8221;][et_pb_map_pin pin_address=&#8221;rond point du chateau d&#8217;eau, montpellier&#8221; _builder_version=&#8221;4.22.2&#8243; _module_preset=&#8221;default&#8221; global_colors_info=&#8221;{}&#8221;][\/et_pb_map_pin][et_pb_map_pin title=&#8221;Th\u00e9\u00e2tre d&#8217;\u00d4&#8221; pin_address=&#8221;domaine d\u00e9partemental du ch\u00e2teau d&#8217;\u00f4&#8221; _builder_version=&#8221;4.22.2&#8243; _module_preset=&#8221;default&#8221; global_colors_info=&#8221;{}&#8221;]Th\u00e9\u00e2tre d&#8217;\u00d4[\/et_pb_map_pin][\/et_pb_map][et_pb_text _builder_version=&#8221;4.27.2&#8243; _module_preset=&#8221;default&#8221; text_line_height=&#8221;1.2em&#8221; global_colors_info=&#8221;{}&#8221;]<\/p>\n<p style=\"text-align: justify;\"><span><span><span style=\"font-size: medium;\">To get to Halle Tropisme by tram, take line 3 (Plan Cabanes stop). Then, it&#8217;s a 15-minute walk, heading up Rue du Fbg Figuerolles, and then turning left onto Rue de la Font Saint-Berthomieu.<\/span><\/span><\/span><\/p>\n<p style=\"text-align: justify;\"><span style=\"font-size: medium;\"><span>Alternatively, bus line 11 drops you very close (Mas de Merle or Gouara stops).<\/span><br \/><span style=\"font-size: large;\"><\/span><\/span><\/p>\n<p style=\"text-align: justify;\"><span style=\"font-size: medium;\"><span style=\"font-size: medium;\"><span>If you&#8217;re coming by bike: you can park your bike in the large bike garage in front of the Halle.<\/span><br \/><\/span><\/span><\/p>\n<p style=\"text-align: justify;\"><span style=\"font-size: medium;\"><span>If you really need to drive, we encourage carpooling. You can park in front of the Halle in the large reserved parking area.<\/span><br \/><\/span><\/p>\n<p style=\"text-align: justify;\"><span style=\"font-size: medium;\"><span>La Halle Tropisme is accessible to people with reduced mobility.<\/span><\/span><\/p>\n<p>[\/et_pb_text][et_pb_text _builder_version=&#8221;4.27.2&#8243; _module_preset=&#8221;default&#8221; text_line_height=&#8221;1.2em&#8221; custom_margin=&#8221;100px||0px||false|false&#8221; global_colors_info=&#8221;{}&#8221;]<\/p>\n<p style=\"text-align: left;\"><span style=\"font-size: x-large; color: #ff1d25;\"><strong>Cin\u00e9ma Utopia<\/strong><\/span><\/p>\n<p style=\"text-align: left;\"><strong style=\"font-size: 20px;\"><span style=\"font-size: large;\">5 Av. du Dr Pezet, 34090 Montpellier<\/span><\/strong><\/p>\n<p style=\"text-align: left;\"><span style=\"font-size: large;\">Tram N\u00b0 1 stop Saint-Eloi<\/span><\/p>\n<p style=\"text-align: left;\"><span style=\"font-size: x-large;\"><\/span><\/p>\n<p>[\/et_pb_text][et_pb_map address=&#8221;5 Av. du Dr Pezet, 34090 Montpellier, France&#8221; zoom_level=&#8221;17&#8243; address_lat=&#8221;43.6291264&#8243; address_lng=&#8221;3.8690798&#8243; use_grayscale_filter=&#8221;on&#8221; grayscale_filter_amount=&#8221;49&#8243; _builder_version=&#8221;4.27.2&#8243; _module_preset=&#8221;default&#8221; global_colors_info=&#8221;{}&#8221;][et_pb_map_pin pin_address=&#8221;rond point du chateau d&#8217;eau, montpellier&#8221; _builder_version=&#8221;4.22.2&#8243; _module_preset=&#8221;default&#8221; global_colors_info=&#8221;{}&#8221;][\/et_pb_map_pin][et_pb_map_pin title=&#8221;Th\u00e9\u00e2tre d&#8217;\u00d4&#8221; pin_address=&#8221;domaine d\u00e9partemental du ch\u00e2teau d&#8217;\u00f4&#8221; _builder_version=&#8221;4.22.2&#8243; _module_preset=&#8221;default&#8221; global_colors_info=&#8221;{}&#8221;]Th\u00e9\u00e2tre d&#8217;\u00d4[\/et_pb_map_pin][\/et_pb_map][et_pb_text _builder_version=&#8221;4.27.2&#8243; _module_preset=&#8221;default&#8221; text_line_height=&#8221;1.2em&#8221; global_colors_info=&#8221;{}&#8221;]<\/p>\n<p style=\"text-align: justify;\"><span><span><span style=\"font-size: medium;\">Here, we strongly encourage eco-friendly transport options.<br \/><\/span><\/span><\/span><\/p>\n<p><span style=\"font-size: medium;\"><span>Tram line 1 is nearby (Saint-Eloi stop). The bike lane is currently being upgraded, so take advantage of it!<\/span><br \/><span style=\"font-size: medium;\"><\/span><\/span><\/p>\n<p style=\"text-align: justify;\"><span style=\"font-size: medium;\">Cin\u00e9ma Utopia <span>is accessible to people with reduced mobility<\/span>.<\/span><\/p>\n<p>[\/et_pb_text][\/et_pb_column][et_pb_column type=&#8221;1_4&#8243; _builder_version=&#8221;4.21.0&#8243; _module_preset=&#8221;default&#8221; global_colors_info=&#8221;{}&#8221;][et_pb_text _builder_version=&#8221;4.22.2&#8243; _module_preset=&#8221;default&#8221; global_colors_info=&#8221;{}&#8221;]<\/p>\n<p style=\"text-align: left;\"><span style=\"font-size: x-large;\"><strong>DOORS OPEN<\/strong><\/span><\/p>\n<p>[\/et_pb_text][et_pb_text _builder_version=&#8221;4.27.3&#8243; _module_preset=&#8221;default&#8221; text_line_height=&#8221;1.2em&#8221; global_colors_info=&#8221;{}&#8221;]<\/p>\n<p style=\"text-align: justify;\"><span style=\"font-size: x-large; color: #ff1d25;\"><strong>Saturday, Dec. 7<\/strong><\/span><\/p>\n<p style=\"text-align: justify;\"><span style=\"font-size: x-large; color: #ff1d25;\"><strong>Th\u00e9\u00e2tre d&#8217;O<\/strong><\/span><span style=\"font-size: x-large;\"><\/span><\/p>\n<p style=\"text-align: justify;\"><span style=\"font-size: medium;\">The theater doors open at 5PM for the continuous screening of <em>Danses Urbaines 2.0<\/em>. For the evening performance, the venue opens 15 minutes before the show begins.<\/span><\/p>\n<div class=\"flex max-w-full flex-col flex-grow\" style=\"text-align: justify;\">\n<div data-message-author-role=\"assistant\" data-message-id=\"ef881290-f545-4d31-b1c1-c032790d9e34\" dir=\"auto\" class=\"min-h-8 text-message flex w-full flex-col items-end gap-2 whitespace-normal break-words [.text-message+&amp;]:mt-5\" data-message-model-slug=\"gpt-4o-mini\">\n<div class=\"flex w-full flex-col gap-1 empty:hidden first:pt-[3px]\">\n<div class=\"markdown prose w-full break-words dark:prose-invert light\">\n<p><span style=\"font-size: medium;\">The theater bar will be open from 5PM, offering cakes, snacks, light meals, and drinks.<\/span><\/p>\n<\/div>\n<\/div>\n<\/div>\n<\/div>\n<p style=\"text-align: justify;\"><span style=\"font-size: large;\"><\/span><\/p>\n<p style=\"text-align: justify;\"><span style=\"font-size: x-large; color: #ff1d25;\"><strong><\/strong><\/span><\/p>\n<p style=\"text-align: justify;\"><span style=\"font-size: x-large; color: #ff1d25;\"><strong>Sunday, Dec. 8\u00a0<\/strong><\/span><\/p>\n<p style=\"text-align: justify;\"><span style=\"font-size: x-large; color: #ff1d25;\"><strong>Halle Tropisme<\/strong><\/span><span style=\"font-size: x-large;\"><\/span><\/p>\n<p style=\"text-align: justify;\"><span style=\"font-size: medium;\">All our events at La Halle Tropisme will take place in the large hall &#8220;La Menuiserie.&#8221; Access is directly from the large parking lot in front of the Halle.<\/span><\/p>\n<p style=\"text-align: justify;\"><span style=\"font-size: medium;\">For the workshops, doors open at 9:45 and 11:30 respectively.<\/span><\/p>\n<p style=\"text-align: justify;\"><span style=\"font-size: medium;\">For the dance conference, the venue opens 15 minutes before the performance starts.<\/span><\/p>\n<div class=\"flex max-w-full flex-col flex-grow\" style=\"text-align: justify;\">\n<div data-message-author-role=\"assistant\" data-message-id=\"29cde6fb-a5c5-4399-becc-52e321087cee\" dir=\"auto\" class=\"min-h-8 text-message flex w-full flex-col items-end gap-2 whitespace-normal break-words [.text-message+&amp;]:mt-5\" data-message-model-slug=\"gpt-4o-mini\">\n<div class=\"flex w-full flex-col gap-1 empty:hidden first:pt-[3px]\">\n<div class=\"markdown prose w-full break-words dark:prose-invert light\">\n<p><span style=\"font-size: medium;\">The Tropisme restaurant-bar will be open.<\/span><\/p>\n<\/div>\n<\/div>\n<\/div>\n<\/div>\n<p style=\"text-align: justify;\"><span style=\"font-size: large;\"><\/span><\/p>\n<p style=\"text-align: justify;\"><span style=\"font-size: x-large; color: #ff1d25;\"><strong><\/strong><\/span><\/p>\n<p style=\"text-align: justify;\"><span style=\"font-size: x-large; color: #ff1d25;\"><strong><\/strong><\/span><\/p>\n<p style=\"text-align: justify;\"><span style=\"font-size: x-large; color: #ff1d25;\"><strong>Sunday, Dec. 8\u00a0<\/strong><\/span><\/p>\n<p style=\"text-align: justify;\"><span style=\"font-size: x-large; color: #ff1d25;\"><strong>Cin\u00e9ma Utopia<\/strong><\/span><span style=\"font-size: x-large;\"><\/span><\/p>\n<div class=\"group\/conversation-turn relative flex w-full min-w-0 flex-col agent-turn\" style=\"text-align: justify;\">\n<div class=\"flex-col gap-1 md:gap-3\">\n<div class=\"flex max-w-full flex-col flex-grow\">\n<div data-message-author-role=\"assistant\" data-message-id=\"d59ea1da-a34a-4460-911c-1bd7050f4bdc\" dir=\"auto\" class=\"min-h-8 text-message flex w-full flex-col items-end gap-2 whitespace-normal break-words [.text-message+&amp;]:mt-5\" data-message-model-slug=\"gpt-4o-mini\">\n<div class=\"flex w-full flex-col gap-1 empty:hidden first:pt-[3px]\">\n<div class=\"markdown prose w-full break-words dark:prose-invert light\">\n<p><span style=\"font-size: medium;\"><\/span><\/p>\n<p><span style=\"font-size: medium;\">We welcome you at the Cin\u00e9ma bar from 7:30 PM with drinks and light meals. The screening starts at 8PM.<\/span><\/p>\n<\/div>\n<\/div>\n<\/div>\n<\/div>\n<\/div>\n<\/div>\n<p>[\/et_pb_text][\/et_pb_column][\/et_pb_row][et_pb_row column_structure=&#8221;1_4,1_4,1_4,1_4&#8243; _builder_version=&#8221;4.27.0&#8243; _module_preset=&#8221;default&#8221; global_colors_info=&#8221;{}&#8221;][et_pb_column type=&#8221;1_4&#8243; _builder_version=&#8221;4.27.0&#8243; _module_preset=&#8221;default&#8221; global_colors_info=&#8221;{}&#8221;][et_pb_image src=&#8221;https:\/\/caminaktion.eu\/wp-content\/uploads\/2024\/11\/Logo-couleur-light-petit.png&#8221; title_text=&#8221;Logo couleur light petit&#8221; align=&#8221;center&#8221; _builder_version=&#8221;4.27.3&#8243; _module_preset=&#8221;default&#8221; global_colors_info=&#8221;{}&#8221;][\/et_pb_image][\/et_pb_column][et_pb_column type=&#8221;1_4&#8243; _builder_version=&#8221;4.27.0&#8243; _module_preset=&#8221;default&#8221; global_colors_info=&#8221;{}&#8221;][et_pb_image src=&#8221;https:\/\/caminaktion.eu\/wp-content\/uploads\/2024\/10\/HALLE-TROPISME-CO-copie.png&#8221; title_text=&#8221;HALLE-TROPISME-CO copie&#8221; align=&#8221;center&#8221; _builder_version=&#8221;4.27.2&#8243; _module_preset=&#8221;default&#8221; height=&#8221;172px&#8221; global_colors_info=&#8221;{}&#8221;][\/et_pb_image][\/et_pb_column][et_pb_column type=&#8221;1_4&#8243; _builder_version=&#8221;4.27.0&#8243; _module_preset=&#8221;default&#8221; global_colors_info=&#8221;{}&#8221;][et_pb_image src=&#8221;https:\/\/caminaktion.eu\/wp-content\/uploads\/2024\/10\/799px-Utopia_logo.png&#8221; title_text=&#8221;799px-Utopia_logo&#8221; align=&#8221;center&#8221; _builder_version=&#8221;4.27.3&#8243; _module_preset=&#8221;default&#8221; custom_margin=&#8221;40px||||false|false&#8221; custom_margin_tablet=&#8221;&#8221; custom_margin_phone=&#8221;0px||||false|false&#8221; custom_margin_last_edited=&#8221;on|desktop&#8221; global_colors_info=&#8221;{}&#8221;][\/et_pb_image][\/et_pb_column][et_pb_column type=&#8221;1_4&#8243; _builder_version=&#8221;4.27.0&#8243; _module_preset=&#8221;default&#8221; global_colors_info=&#8221;{}&#8221;][et_pb_image src=&#8221;https:\/\/caminaktion.eu\/wp-content\/uploads\/2024\/11\/logo-desl.png&#8221; alt=&#8221;logo desl&#8221; title_text=&#8221;logo desl&#8221; align=&#8221;center&#8221; _builder_version=&#8221;4.27.3&#8243; _module_preset=&#8221;default&#8221; custom_margin=&#8221;40px||||false|false&#8221; custom_margin_tablet=&#8221;&#8221; custom_margin_phone=&#8221;0px||||false|false&#8221; custom_margin_last_edited=&#8221;on|phone&#8221; global_colors_info=&#8221;{}&#8221;][\/et_pb_image][\/et_pb_column][\/et_pb_row][et_pb_row column_structure=&#8221;1_3,1_3,1_3&#8243; _builder_version=&#8221;4.27.0&#8243; _module_preset=&#8221;default&#8221; global_colors_info=&#8221;{}&#8221;][et_pb_column type=&#8221;1_3&#8243; _builder_version=&#8221;4.27.0&#8243; _module_preset=&#8221;default&#8221; global_colors_info=&#8221;{}&#8221;][et_pb_image src=&#8221;https:\/\/caminaktion.eu\/wp-content\/uploads\/2024\/10\/OC-1706-instit-logo-rectangle-quadri-150&#215;150-72dpi.png&#8221; title_text=&#8221;OC-1706-instit-logo rectangle-quadri-150&#215;150-72dpi&#8221; align=&#8221;center&#8221; _builder_version=&#8221;4.27.3&#8243; _module_preset=&#8221;default&#8221; global_colors_info=&#8221;{}&#8221;][\/et_pb_image][\/et_pb_column][et_pb_column type=&#8221;1_3&#8243; _builder_version=&#8221;4.27.2&#8243; _module_preset=&#8221;default&#8221; global_colors_info=&#8221;{}&#8221;][et_pb_image src=&#8221;https:\/\/caminaktion.eu\/wp-content\/uploads\/2024\/10\/drajes-1.png&#8221; title_text=&#8221;drajes&#8221; align=&#8221;center&#8221; _builder_version=&#8221;4.27.2&#8243; _module_preset=&#8221;default&#8221; global_colors_info=&#8221;{}&#8221;][\/et_pb_image][\/et_pb_column][et_pb_column type=&#8221;1_3&#8243; _builder_version=&#8221;4.27.0&#8243; _module_preset=&#8221;default&#8221; global_colors_info=&#8221;{}&#8221;][et_pb_image src=&#8221;https:\/\/caminaktion.eu\/wp-content\/uploads\/2023\/11\/NewLogoCD.png&#8221; title_text=&#8221;NewLogoCD&#8221; align=&#8221;center&#8221; _builder_version=&#8221;4.27.3&#8243; _module_preset=&#8221;default&#8221; width=&#8221;100%&#8221; max_width=&#8221;100%&#8221; global_colors_info=&#8221;{}&#8221;][\/et_pb_image][\/et_pb_column][\/et_pb_row][\/et_pb_section]<\/p>\n","protected":false},"excerpt":{"rendered":"<p>Information about all the venues and the accessibility.<\/p>\n","protected":false},"author":1,"featured_media":41573,"parent":0,"menu_order":0,"comment_status":"closed","ping_status":"closed","template":"","meta":{"_seopress_robots_primary_cat":"","_seopress_titles_title":"HYPE OCC: Information & access","_seopress_titles_desc":"Information about all the venues and the accessibility.","_seopress_robots_index":"","_et_pb_use_builder":"on","_et_pb_old_content":"","_et_gb_content_width":"","footnotes":""},"class_list":["post-44486","page","type-page","status-publish","has-post-thumbnail","hentry"],"_links":{"self":[{"href":"https:\/\/caminaktion.eu\/en\/wp-json\/wp\/v2\/pages\/44486","targetHints":{"allow":["GET"]}}],"collection":[{"href":"https:\/\/caminaktion.eu\/en\/wp-json\/wp\/v2\/pages"}],"about":[{"href":"https:\/\/caminaktion.eu\/en\/wp-json\/wp\/v2\/types\/page"}],"author":[{"embeddable":true,"href":"https:\/\/caminaktion.eu\/en\/wp-json\/wp\/v2\/users\/1"}],"replies":[{"embeddable":true,"href":"https:\/\/caminaktion.eu\/en\/wp-json\/wp\/v2\/comments?post=44486"}],"version-history":[{"count":11,"href":"https:\/\/caminaktion.eu\/en\/wp-json\/wp\/v2\/pages\/44486\/revisions"}],"predecessor-version":[{"id":45402,"href":"https:\/\/caminaktion.eu\/en\/wp-json\/wp\/v2\/pages\/44486\/revisions\/45402"}],"wp:featuredmedia":[{"embeddable":true,"href":"https:\/\/caminaktion.eu\/en\/wp-json\/wp\/v2\/media\/41573"}],"wp:attachment":[{"href":"https:\/\/caminaktion.eu\/en\/wp-json\/wp\/v2\/media?parent=44486"}],"curies":[{"name":"wp","href":"https:\/\/api.w.org\/{rel}","templated":true}]}}